{"id":214,"date":"2026-01-26T14:38:39","date_gmt":"2026-01-26T14:38:39","guid":{"rendered":"http:\/\/www.caranorte.com\/ca\/?page_id=214"},"modified":"2026-03-28T20:39:42","modified_gmt":"2026-03-28T20:39:42","slug":"curs-esqui-muntanya","status":"publish","type":"page","link":"https:\/\/www.caranorte.com\/ca\/curs-esqui-muntanya\/","title":{"rendered":"Curs d&#8217;esqu\u00ed de muntanya"},"content":{"rendered":"<p><div class=\"fusion-fullwidth fullwidth-box fusion-builder-row-1 fusion-flex-container has-pattern-background has-mask-background nonhundred-percent-fullwidth non-hundred-percent-height-scrolling\" style=\"--awb-border-radius-top-left:0px;--awb-border-radius-top-right:0px;--awb-border-radius-bottom-right:0px;--awb-border-radius-bottom-left:0px;--awb-margin-top:25px;--awb-flex-wrap:wrap;\" ><div class=\"fusion-builder-row fusion-row fusion-flex-align-items-flex-start fusion-flex-content-wrap\" style=\"max-width:936px;margin-left: calc(-4% \/ 2 );margin-right: calc(-4% \/ 2 );\"><div class=\"fusion-layout-column fusion_builder_column fusion-builder-column-0 fusion_builder_column_1_1 1_1 fusion-flex-column\" style=\"--awb-bg-size:cover;--awb-width-large:100%;--awb-margin-top-large:0px;--awb-spacing-right-large:1.92%;--awb-margin-bottom-large:20px;--awb-spacing-left-large:1.92%;--awb-width-medium:100%;--awb-order-medium:0;--awb-spacing-right-medium:1.92%;--awb-spacing-left-medium:1.92%;--awb-width-small:100%;--awb-order-small:0;--awb-spacing-right-small:1.92%;--awb-spacing-left-small:1.92%;\"><div class=\"fusion-column-wrapper fusion-column-has-shadow fusion-flex-justify-content-flex-start fusion-content-layout-column\"><div class=\"fusion-text fusion-text-1\"><h1 style=\"text-align: center; font-family: arial; margin-top: 15px; margin-bottom: 15px;\"><strong>Cursos d&#8217;esqu\u00ed de muntanya 2026<\/strong><\/h1>\n<\/div><\/div><\/div><\/div><\/div><div class=\"fusion-fullwidth fullwidth-box fusion-builder-row-2 fusion-flex-container has-pattern-background has-mask-background nonhundred-percent-fullwidth non-hundred-percent-height-scrolling\" style=\"--awb-border-radius-top-left:0px;--awb-border-radius-top-right:0px;--awb-border-radius-bottom-right:0px;--awb-border-radius-bottom-left:0px;--awb-margin-top:25px;--awb-flex-wrap:wrap;\" ><div class=\"fusion-builder-row fusion-row fusion-flex-align-items-flex-start fusion-flex-content-wrap\" style=\"max-width:936px;margin-left: calc(-4% \/ 2 );margin-right: calc(-4% \/ 2 );\"><div class=\"fusion-layout-column fusion_builder_column fusion-builder-column-1 fusion_builder_column_1_2 1_2 fusion-flex-column\" style=\"--awb-bg-size:cover;--awb-width-large:50%;--awb-margin-top-large:0px;--awb-spacing-right-large:3.84%;--awb-margin-bottom-large:20px;--awb-spacing-left-large:3.84%;--awb-width-medium:100%;--awb-order-medium:0;--awb-spacing-right-medium:1.92%;--awb-spacing-left-medium:1.92%;--awb-width-small:100%;--awb-order-small:0;--awb-spacing-right-small:1.92%;--awb-spacing-left-small:1.92%;\"><div class=\"fusion-column-wrapper fusion-column-has-shadow fusion-flex-justify-content-flex-start fusion-content-layout-column\"><div class=\"fusion-image-element \" style=\"--awb-caption-title-font-family:var(--h2_typography-font-family);--awb-caption-title-font-weight:var(--h2_typography-font-weight);--awb-caption-title-font-style:var(--h2_typography-font-style);--awb-caption-title-size:var(--h2_typography-font-size);--awb-caption-title-transform:var(--h2_typography-text-transform);--awb-caption-title-line-height:var(--h2_typography-line-height);--awb-caption-title-letter-spacing:var(--h2_typography-letter-spacing);\"><span class=\" fusion-imageframe imageframe-none imageframe-1 hover-type-none\"><img decoding=\"async\" width=\"750\" height=\"600\" title=\"Pr\u00e0ctica d&#8217;ascens amb tel\u00f3 de fons espectacular\" src=\"https:\/\/www.caranorte.com\/ca\/wp-content\/uploads\/2020\/11\/curs-iniciacio-esqui-muntanya-2.jpg\" alt class=\"img-responsive wp-image-1123\" srcset=\"https:\/\/www.caranorte.com\/ca\/wp-content\/uploads\/2020\/11\/curs-iniciacio-esqui-muntanya-2-200x160.jpg 200w, https:\/\/www.caranorte.com\/ca\/wp-content\/uploads\/2020\/11\/curs-iniciacio-esqui-muntanya-2-400x320.jpg 400w, https:\/\/www.caranorte.com\/ca\/wp-content\/uploads\/2020\/11\/curs-iniciacio-esqui-muntanya-2-600x480.jpg 600w, https:\/\/www.caranorte.com\/ca\/wp-content\/uploads\/2020\/11\/curs-iniciacio-esqui-muntanya-2.jpg 750w\" sizes=\"(max-width: 1024px) 100vw, (max-width: 640px) 100vw, 600px\" \/><\/span><\/div><\/div><\/div><div class=\"fusion-layout-column fusion_builder_column fusion-builder-column-2 fusion_builder_column_1_2 1_2 fusion-flex-column\" style=\"--awb-bg-size:cover;--awb-width-large:50%;--awb-margin-top-large:0px;--awb-spacing-right-large:3.84%;--awb-margin-bottom-large:20px;--awb-spacing-left-large:3.84%;--awb-width-medium:100%;--awb-order-medium:0;--awb-spacing-right-medium:1.92%;--awb-spacing-left-medium:1.92%;--awb-width-small:100%;--awb-order-small:0;--awb-spacing-right-small:1.92%;--awb-spacing-left-small:1.92%;\"><div class=\"fusion-column-wrapper fusion-column-has-shadow fusion-flex-justify-content-flex-start fusion-content-layout-column\"><div class=\"fusion-text fusion-text-2\" style=\"--awb-text-transform:none;\"><h3><strong>TEMPORADA D&#8217;ESQU\u00cd DE MUNTANYA <a style=\"color: red;\">EXCEPCIONAL<\/a><\/strong><\/h3>\n<p>Els <strong>millors cursos d&#8217;esqu\u00ed de muntanya<\/strong> al <strong>millor preu<\/strong>.<strong><br \/>\n<\/strong><\/p>\n<p><strong>\u2713 <\/strong>Grups redu\u00efts<strong><br \/>\n\u2713 <\/strong>Puigcerd\u00e0\/Cerdanya<br \/>\n<strong>\u2713 <\/strong>Lloguer i allotjament f\u00e0cil<br \/>\n<strong>\u2713 <\/strong>Asseguran\u00e7a de rescats\u00a0<strong><br \/>\n<\/strong><strong>\u2713 <\/strong>Teoria i pr\u00e0ctica<br \/>\n<strong>\u2713 <\/strong>2 dies complets: <del datetime=\"2026-01-28T06:49:05+00:00\"><strong><span style=\"color: grey;\">185\u20ac<\/span><\/strong><\/del>\u00a0<strong><span style=\"color: red;\">160\u20ac<\/span><\/strong><\/p>\n<p><strong>Dates: &#x1f447;<\/strong><br \/>\n<a style=\"color: blue;\" href=\"https:\/\/www.caranorte.com\/ca\/contacte\/?asunto=Curs+esqu%C3%AD+de+muntanya+en+altres+dates\"><strong>Consulta<\/strong><\/a><br \/>\n<!--\n<strong>Per no perdre ni un: <\/strong>\n<a href=\"https:\/\/www.caranorte.com\/boletin\/alta.php\">Newsletter<\/a>, <a href=\"http:\/\/www.facebook.com\/caranorte\" target=\"_blank\" rel=\"noopener\">Facebook<\/a>, <a href=\"http:\/\/www.instagram.com\/ferran.caranorte\" target=\"_blank\" rel=\"noopener\">Instagram<\/a>\n--><br \/>\n<strong>Altres opcions?\u00a0<\/strong><a style=\"color: orange; font-weight: bold;\" href=\"https:\/\/www.caranorte.com\/ca\/contacte\/?asunto=Altres+opcions+esqu\u00ed+muntanya+2026\">INFO<\/a><\/p>\n<\/div><\/div><\/div><\/div><\/div><div class=\"fusion-fullwidth fullwidth-box fusion-builder-row-3 fusion-flex-container has-pattern-background has-mask-background nonhundred-percent-fullwidth non-hundred-percent-height-scrolling\" style=\"--awb-border-radius-top-left:0px;--awb-border-radius-top-right:0px;--awb-border-radius-bottom-right:0px;--awb-border-radius-bottom-left:0px;--awb-flex-wrap:wrap;\" ><div class=\"fusion-builder-row fusion-row fusion-flex-align-items-flex-start fusion-flex-content-wrap\" style=\"max-width:936px;margin-left: calc(-4% \/ 2 );margin-right: calc(-4% \/ 2 );\"><div class=\"fusion-layout-column fusion_builder_column fusion-builder-column-3 fusion_builder_column_1_1 1_1 fusion-flex-column\" style=\"--awb-bg-size:cover;--awb-width-large:100%;--awb-margin-top-large:0px;--awb-spacing-right-large:1.92%;--awb-margin-bottom-large:20px;--awb-spacing-left-large:1.92%;--awb-width-medium:100%;--awb-order-medium:0;--awb-spacing-right-medium:1.92%;--awb-spacing-left-medium:1.92%;--awb-width-small:100%;--awb-order-small:0;--awb-spacing-right-small:1.92%;--awb-spacing-left-small:1.92%;\"><div class=\"fusion-column-wrapper fusion-column-has-shadow fusion-flex-justify-content-flex-start fusion-content-layout-column\"><div class=\"fusion-separator fusion-full-width-sep\" style=\"align-self: center;margin-left: auto;margin-right: auto;margin-top:10px;width:100%;\"><div class=\"fusion-separator-border sep-shadow\" style=\"--awb-height:20px;--awb-amount:20px;background:radial-gradient(ellipse at 50% -50% , #e0dede 0px, rgba(255, 255, 255, 0) 80%) repeat scroll 0 0 rgba(0, 0, 0, 0);background:-webkit-radial-gradient(ellipse at 50% -50% , #e0dede 0px, rgba(255, 255, 255, 0) 80%) repeat scroll 0 0 rgba(0, 0, 0, 0);background:-moz-radial-gradient(ellipse at 50% -50% , #e0dede 0px, rgba(255, 255, 255, 0) 80%) repeat scroll 0 0 rgba(0, 0, 0, 0);background:-o-radial-gradient(ellipse at 50% -50% , #e0dede 0px, rgba(255, 255, 255, 0) 80%) repeat scroll 0 0 rgba(0, 0, 0, 0);\"><\/div><\/div><\/div><\/div><\/div><\/div><div class=\"fusion-fullwidth fullwidth-box fusion-builder-row-4 fusion-flex-container has-pattern-background has-mask-background nonhundred-percent-fullwidth non-hundred-percent-height-scrolling\" style=\"--awb-border-radius-top-left:0px;--awb-border-radius-top-right:0px;--awb-border-radius-bottom-right:0px;--awb-border-radius-bottom-left:0px;--awb-margin-top:100px;--awb-flex-wrap:wrap;\" ><div class=\"fusion-builder-row fusion-row fusion-flex-align-items-flex-start fusion-flex-content-wrap\" style=\"max-width:936px;margin-left: calc(-4% \/ 2 );margin-right: calc(-4% \/ 2 );\"><div class=\"fusion-layout-column fusion_builder_column fusion-builder-column-4 fusion_builder_column_1_1 1_1 fusion-flex-column\" style=\"--awb-bg-size:cover;--awb-width-large:100%;--awb-margin-top-large:0px;--awb-spacing-right-large:1.92%;--awb-margin-bottom-large:20px;--awb-spacing-left-large:1.92%;--awb-width-medium:100%;--awb-order-medium:0;--awb-spacing-right-medium:1.92%;--awb-spacing-left-medium:1.92%;--awb-width-small:100%;--awb-order-small:0;--awb-spacing-right-small:1.92%;--awb-spacing-left-small:1.92%;\"><div class=\"fusion-column-wrapper fusion-column-has-shadow fusion-flex-justify-content-flex-start fusion-content-layout-column\"><div class=\"fusion-text fusion-text-3\"><h1 style=\"text-align: center; font-family: arial; margin-top: 35px; margin-bottom: 35px;\"><strong>Qu\u00e8 diuen del curs d&#8217;esqu\u00ed de muntanya de CN?<br \/>\n<\/strong><\/h1>\n<\/div><div class=\"fusion-testimonials classic awb-speech-bubble-show fusion-testimonials-1\" style=\"--awb-textcolor:#545454;--awb-backgroundcolor:#f6f6f6;--awb-testimonial-border-style:solid;--awb-testimonial-border-color:var(--awb-color3);--awb-navigation-size:12px;--awb-border-top-left-radius:0px;--awb-border-top-right-radius:0px;--awb-border-bottom-left-radius:0px;--awb-border-bottom-right-radius:0px;--testimonial-border-width-top:0px;--testimonial-border-width-right:0px;--testimonial-border-width-bottom:0px;--testimonial-border-width-left:0px;\" data-random=\"0\" data-speed=\"0\"><div class=\"reviews\"><div class=\"review active-testimonial male\"><blockquote><div class=\"awb-quote\"><div class=\"awb-quote-content\">\n<p style=\"text-align: center;\">\u00ab Una experi\u00e8ncia incre\u00efble amb en Ferran de guia. Vam fer el curs de Nivell 1 i ens va semblar interesant, \u00fatil i divertit a la vegada. 100% recomenable per els que, com nosaltres, no haviem fet mai esqu\u00ed de muntanya \u00bb<\/p>\n<\/div><\/div><span class=\"awb-triangle\"><\/span><\/blockquote><div class=\"author\"><span class=\"testimonial-thumbnail doe\"><\/span><span class=\"company-name\"><strong>Pau C.<\/strong><span>, <\/span><a href=\"https:\/\/www.caranorte.com\/guia-de-montana\/curso-iniciacion-esqui-montana-n1\" target=\"_self\"><span>Curs d'esqu\u00ed de muntanya N1<\/span><\/a><\/span><\/div><\/div><div class=\"review male\"><blockquote><div class=\"awb-quote\"><div class=\"awb-quote-content\">\n<p style=\"text-align: center;\">\u00ab Va ser un excel.lent cap de setmana: tot va sortir rod\u00f3! Vam aprendre molt, el grup va ser ben agradable, gent maca, i un guia que ens va ajudar a anar una mica m\u00e9s enll\u00e0 en el nostre aprenentatge d\u2019un esport nou \u00bb<\/p>\n<\/div><\/div><span class=\"awb-triangle\"><\/span><\/blockquote><div class=\"author\"><span class=\"testimonial-thumbnail doe\"><\/span><span class=\"company-name\"><strong>Janine S.<\/strong><span>, <\/span><a href=\"https:\/\/www.caranorte.com\/guia-de-montana\/curso-iniciacion-esqui-montana-n1\" target=\"_self\"><span>Curs complet d'iniciaci\u00f3 a l'esqu\u00ed de muntanya<\/span><\/a><\/span><\/div><\/div><div class=\"review male\"><blockquote><div class=\"awb-quote\"><div class=\"awb-quote-content\">\n<p style=\"text-align: center;\">\u00ab M\u2019ha fet sentir segura en tot moment i s\u2019ha adaptat sempre a les meves necessitats per assegurar que fos una experi\u00e8ncia m\u00e0gica amb la muntanya \u00bb<\/p>\n<\/div><\/div><span class=\"awb-triangle\"><\/span><\/blockquote><div class=\"author\"><span class=\"testimonial-thumbnail doe\"><\/span><span class=\"company-name\"><strong>Alba R.<\/strong><span>, <\/span><a href=\"https:\/\/www.caranorte.com\/guia-de-montana\/curso-iniciacion-esqui-montana-n1\/\" target=\"_self\"><span>Curs d'esqu\u00ed de muntanya N1<\/span><\/a><\/span><\/div><\/div><div class=\"review male\"><blockquote><div class=\"awb-quote\"><div class=\"awb-quote-content\">\n<p style=\"text-align: center;\">\u00ab El proc\u00e9s d\u2019aprenentatge ha estat molt progressiu i adaptat a cadasc\u00fa dels participants. El llocs on hem fet les practiques era molt adient. El temps a acompanyat fent un cap de setmana espl\u00e8ndid \u00bb<\/p>\n<\/div><\/div><span class=\"awb-triangle\"><\/span><\/blockquote><div class=\"author\"><span class=\"testimonial-thumbnail doe\"><\/span><span class=\"company-name\"><strong>Iv\u00e1n B.<\/strong><span>, <\/span><a href=\"https:\/\/www.caranorte.com\/guia-de-montana\/curso-iniciacion-esqui-montana-n1\/\" target=\"_self\"><span>Curs d'esqu\u00ed de muntanya<\/span><\/a><\/span><\/div><\/div><div class=\"review male\"><blockquote><div class=\"awb-quote\"><div class=\"awb-quote-content\">\n<div class=\"description\">\n<p style=\"text-align: center;\">\u00ab Curs molt recomanable per iniciaci\u00f3 a l\u2019esqu\u00ed de muntanya amb un gu\u00eda experimentat \u00bb<\/p>\n<\/div>\n<\/div><\/div><span class=\"awb-triangle\"><\/span><\/blockquote><div class=\"author\"><span class=\"testimonial-thumbnail doe\"><\/span><span class=\"company-name\"><strong>Ramon T.<\/strong><span>, <\/span><a href=\"https:\/\/www.caranorte.com\/guia-de-montana\/curso-iniciacion-esqui-montana-n1\/\" target=\"_self\"><span>Curs d'esqu\u00ed de muntanya<\/span><\/a><\/span><\/div><\/div><div class=\"review male\"><blockquote><div class=\"awb-quote\"><div class=\"awb-quote-content\">\n<p>\u00ab No havia participat mai en un curs de muntanya. Personalment m\u2019ha agradat molt aquest curs. Trobo que \u00e9s una experi\u00e8ncia molt profitosa que hauria de fer molta mes gent \u00bb<\/p>\n<\/div><\/div><span class=\"awb-triangle\"><\/span><\/blockquote><div class=\"author\"><span class=\"testimonial-thumbnail doe\"><\/span><span class=\"company-name\"><strong>Eul\u00e0lia T.<\/strong><span>, <\/span><a href=\"https:\/\/www.caranorte.com\/guia-de-montana\/curso-iniciacion-esqui-montana-n1\" target=\"_self\"><span>Curs d'esqu\u00ed de muntanya<\/span><\/a><\/span><\/div><\/div><div class=\"review male\"><blockquote><div class=\"awb-quote\"><div class=\"awb-quote-content\">\n<p>\u00ab Molt content del curs de iniciaci\u00f3 a l&#8217;esqu\u00ed de muntanya. Queden clars conceptes b\u00e0sics tant de la t\u00e8cnica com de la seguretat . Molt bon ambient i en Ferran un gran professional \u00bb<\/p>\n<\/div><\/div><span class=\"awb-triangle\"><\/span><\/blockquote><div class=\"author\"><span class=\"testimonial-thumbnail doe\"><\/span><span class=\"company-name\"><strong>Albert C.<\/strong><span>, <\/span><a href=\"https:\/\/www.caranorte.com\/guia-de-montana\/curso-iniciacion-esqui-montana-n1\" target=\"_self\"><span>Curs d'esqu\u00ed de muntanya<\/span><\/a><\/span><\/div><\/div><div class=\"review male\"><blockquote><div class=\"awb-quote\"><div class=\"awb-quote-content\">\n<p>\u00ab Hem rebut una molt bona base del que \u00e9s l&#8217;esqu\u00ed de muntanya, incidint amb la seguretat i en la t\u00e8cnica adequada per poder avan\u00e7ar en situacions de mitjana dificultat \u00bb<\/p>\n<\/div><\/div><span class=\"awb-triangle\"><\/span><\/blockquote><div class=\"author\"><span class=\"testimonial-thumbnail doe\"><\/span><span class=\"company-name\"><strong>Gerard C.<\/strong><span>, <\/span><a href=\"https:\/\/www.caranorte.com\/guia-de-montana\/curso-iniciacion-esqui-montana-n1\" target=\"_self\"><span>Curs d'esqu\u00ed de muntanya de nivell 1<\/span><\/a><\/span><\/div><\/div><div class=\"review male\"><blockquote><div class=\"awb-quote\"><div class=\"awb-quote-content\">\n<p>\u00ab Curs 100% recomenable. Gran ambient de companyerisme \u00bb<\/p>\n<\/div><\/div><span class=\"awb-triangle\"><\/span><\/blockquote><div class=\"author\"><span class=\"testimonial-thumbnail doe\"><\/span><span class=\"company-name\"><strong>Pere S.<\/strong><span>, <\/span><a href=\"https:\/\/www.caranorte.com\/guia-de-montana\/curso-iniciacion-esqui-montana-n1\" target=\"_self\"><span>Curs d'esqu\u00ed de muntanya<\/span><\/a><\/span><\/div><\/div><div class=\"review male\"><blockquote><div class=\"awb-quote\"><div class=\"awb-quote-content\">\n<p>\u00ab Molt bon comen\u00e7ament i bona introducci\u00f3 a aquest esport, essencials consells de seguretat b\u00e0sics per fer alguna cosa m\u00e9s q pujar al niu!!!! \u00bb<\/p>\n<\/div><\/div><span class=\"awb-triangle\"><\/span><\/blockquote><div class=\"author\"><span class=\"testimonial-thumbnail doe\"><\/span><span class=\"company-name\"><strong>Miquel<\/strong><span>, <\/span><a href=\"https:\/\/www.caranorte.com\/guia-de-montana\/curso-iniciacion-esqui-montana-n1\" target=\"_self\"><span>Curs d'esqu\u00ed de muntanya<\/span><\/a><\/span><\/div><\/div><div class=\"review male\"><blockquote><div class=\"awb-quote\"><div class=\"awb-quote-content\">\n<p>\u00ab Molt positiva i enrriquidora. Vam poder veure tot el que haviem demanat \u00bb<\/p>\n<\/div><\/div><span class=\"awb-triangle\"><\/span><\/blockquote><div class=\"author\"><span class=\"testimonial-thumbnail doe\"><\/span><span class=\"company-name\"><strong>Miquel V.<\/strong><span>, <\/span><a href=\"https:\/\/www.caranorte.com\/guia-de-montana\/curso-iniciacion-esqui-montana-n1\/\" target=\"_self\"><span>Curs d'esqu\u00ed de muntanya<\/span><\/a><\/span><\/div><\/div><\/div><div class=\"testimonial-pagination\" id=\"fusion-testimonials-1\"><a href=\"#\" aria-label=\"Testimonial Pagination\"  class=\"activeSlide\"><\/a><a href=\"#\" aria-label=\"Testimonial Pagination\" ><\/a><a href=\"#\" aria-label=\"Testimonial Pagination\" ><\/a><a href=\"#\" aria-label=\"Testimonial Pagination\" ><\/a><a href=\"#\" aria-label=\"Testimonial Pagination\" ><\/a><a href=\"#\" aria-label=\"Testimonial Pagination\" ><\/a><a href=\"#\" aria-label=\"Testimonial Pagination\" ><\/a><a href=\"#\" aria-label=\"Testimonial Pagination\" ><\/a><a href=\"#\" aria-label=\"Testimonial Pagination\" ><\/a><a href=\"#\" aria-label=\"Testimonial Pagination\" ><\/a><a href=\"#\" aria-label=\"Testimonial Pagination\" ><\/a><\/div><\/div><div class=\"fusion-image-element \" style=\"text-align:center;--awb-caption-title-font-family:var(--h2_typography-font-family);--awb-caption-title-font-weight:var(--h2_typography-font-weight);--awb-caption-title-font-style:var(--h2_typography-font-style);--awb-caption-title-size:var(--h2_typography-font-size);--awb-caption-title-transform:var(--h2_typography-text-transform);--awb-caption-title-line-height:var(--h2_typography-line-height);--awb-caption-title-letter-spacing:var(--h2_typography-letter-spacing);\"><span class=\" fusion-imageframe imageframe-none imageframe-2 hover-type-none\"><img decoding=\"async\" width=\"700\" height=\"525\" alt=\"curs d&#039;esqu\u00ed de muntanya\" title=\"Esqu\u00ed de muntanya amb guia de muntanya\" src=\"https:\/\/www.caranorte.com\/ca\/wp-content\/uploads\/2022\/10\/Esqui-de-muntanya-amb-guia-de-muntanya.jpg\" class=\"img-responsive wp-image-1212\" srcset=\"https:\/\/www.caranorte.com\/ca\/wp-content\/uploads\/2022\/10\/Esqui-de-muntanya-amb-guia-de-muntanya-200x150.jpg 200w, https:\/\/www.caranorte.com\/ca\/wp-content\/uploads\/2022\/10\/Esqui-de-muntanya-amb-guia-de-muntanya-400x300.jpg 400w, https:\/\/www.caranorte.com\/ca\/wp-content\/uploads\/2022\/10\/Esqui-de-muntanya-amb-guia-de-muntanya-600x450.jpg 600w, https:\/\/www.caranorte.com\/ca\/wp-content\/uploads\/2022\/10\/Esqui-de-muntanya-amb-guia-de-muntanya.jpg 700w\" sizes=\"(max-width: 1024px) 100vw, (max-width: 640px) 100vw, 700px\" \/><\/span><\/div><\/div><\/div><\/div><\/div><div class=\"fusion-fullwidth fullwidth-box fusion-builder-row-5 fusion-flex-container has-pattern-background has-mask-background nonhundred-percent-fullwidth non-hundred-percent-height-scrolling\" style=\"--awb-border-radius-top-left:0px;--awb-border-radius-top-right:0px;--awb-border-radius-bottom-right:0px;--awb-border-radius-bottom-left:0px;--awb-flex-wrap:wrap;\" ><div class=\"fusion-builder-row fusion-row fusion-flex-align-items-flex-start fusion-flex-content-wrap\" style=\"max-width:936px;margin-left: calc(-4% \/ 2 );margin-right: calc(-4% \/ 2 );\"><div class=\"fusion-layout-column fusion_builder_column fusion-builder-column-5 fusion_builder_column_1_1 1_1 fusion-flex-column\" style=\"--awb-bg-size:cover;--awb-width-large:100%;--awb-margin-top-large:0px;--awb-spacing-right-large:1.92%;--awb-margin-bottom-large:20px;--awb-spacing-left-large:1.92%;--awb-width-medium:100%;--awb-order-medium:0;--awb-spacing-right-medium:1.92%;--awb-spacing-left-medium:1.92%;--awb-width-small:100%;--awb-order-small:0;--awb-spacing-right-small:1.92%;--awb-spacing-left-small:1.92%;\"><div class=\"fusion-column-wrapper fusion-column-has-shadow fusion-flex-justify-content-flex-start fusion-content-layout-column\"><div class=\"fusion-separator fusion-full-width-sep\" style=\"align-self: center;margin-left: auto;margin-right: auto;margin-top:25px;width:100%;\"><div class=\"fusion-separator-border sep-shadow\" style=\"--awb-height:20px;--awb-amount:20px;background:radial-gradient(ellipse at 50% -50% , #e0dede 0px, rgba(255, 255, 255, 0) 80%) repeat scroll 0 0 rgba(0, 0, 0, 0);background:-webkit-radial-gradient(ellipse at 50% -50% , #e0dede 0px, rgba(255, 255, 255, 0) 80%) repeat scroll 0 0 rgba(0, 0, 0, 0);background:-moz-radial-gradient(ellipse at 50% -50% , #e0dede 0px, rgba(255, 255, 255, 0) 80%) repeat scroll 0 0 rgba(0, 0, 0, 0);background:-o-radial-gradient(ellipse at 50% -50% , #e0dede 0px, rgba(255, 255, 255, 0) 80%) repeat scroll 0 0 rgba(0, 0, 0, 0);\"><\/div><\/div><\/div><\/div><\/div><\/div><div class=\"fusion-fullwidth fullwidth-box fusion-builder-row-6 nonhundred-percent-fullwidth non-hundred-percent-height-scrolling\" style=\"--awb-background-position:left top;--awb-border-sizes-top:0px;--awb-border-sizes-bottom:0px;--awb-border-sizes-left:0px;--awb-border-sizes-right:0px;--awb-border-radius-top-left:0px;--awb-border-radius-top-right:0px;--awb-border-radius-bottom-right:0px;--awb-border-radius-bottom-left:0px;--awb-padding-top:20px;--awb-padding-bottom:20px;--awb-flex-wrap:wrap;\" ><div class=\"fusion-builder-row fusion-row\"><div class=\"fusion-layout-column fusion_builder_column fusion-builder-column-6 fusion_builder_column_1_1 1_1 fusion-one-full fusion-column-first fusion-column-last fusion-column-no-min-height\" style=\"--awb-bg-size:cover;--awb-margin-bottom:0px;\"><div class=\"fusion-column-wrapper fusion-flex-column-wrapper-legacy\"><div class=\"fusion-text fusion-text-4\"><div class=\"fusion-text fusion-text-4\"><\/div>\n<h1 style=\"text-align: center;\"><strong>Com escollir el millor curs d&#8217;esqu\u00ed de muntanya?<\/strong><\/h1>\n<p style=\"text-align: center;\"><strong>Claus per escollir el millor curs d&#8217;esqu\u00ed de muntanya<\/strong><br \/>\n<!-- bloc--><\/p>\n<\/div><div class=\"fusion-text fusion-text-6\"><p>L&#8217;<a href=\"https:\/\/ca.wikipedia.org\/wiki\/Esqu%C3%AD_de_muntanya\" target=\"_blank\" rel=\"noopener\">esqu\u00ed de muntanya<\/a> es considera una disciplina de l&#8217;esqu\u00ed. Es pot descriure com &#8220;<em>una combinaci\u00f3 de l&#8217;esqu\u00ed de fons i l&#8217;esqu\u00ed alp\u00ed, per\u00f2\u00a0 en entorns naturals sense control ni preparaci\u00f3&#8221;<\/em>. Encara que no \u00e9s tracta de la descripci\u00f3 m\u00e9s acad\u00e8mica s\u00ed que \u00e9s encertada des del punt de vista conceptual. L&#8217;esqu\u00ed de muntanya a l&#8217;hora de pujar utilitza t\u00e8cniques i materials que funcionen de forma similar a l&#8217;esqu\u00ed de fons mentre que per baixar fa servir t\u00e8cniques i materials que funcionen de forma semblant a l&#8217;esqu\u00ed alp\u00ed. I tot aix\u00f2 en un entorn de muntanya salvatge, \u00e9s a dir, sense acondicionar.<\/p>\n<p><img decoding=\"async\" class=\"aligncenter wp-image-1198\" src=\"https:\/\/www.caranorte.com\/ca\/wp-content\/uploads\/2022\/10\/portada-odp-300x196.jpg\" alt=\"Curs d'esqu\u00ed de muntanya\" width=\"400\" height=\"261\" srcset=\"https:\/\/www.caranorte.com\/ca\/wp-content\/uploads\/2022\/10\/portada-odp-150x98.jpg 150w, https:\/\/www.caranorte.com\/ca\/wp-content\/uploads\/2022\/10\/portada-odp-200x131.jpg 200w, https:\/\/www.caranorte.com\/ca\/wp-content\/uploads\/2022\/10\/portada-odp-300x196.jpg 300w, https:\/\/www.caranorte.com\/ca\/wp-content\/uploads\/2022\/10\/portada-odp-400x261.jpg 400w, https:\/\/www.caranorte.com\/ca\/wp-content\/uploads\/2022\/10\/portada-odp-500x327.jpg 500w, https:\/\/www.caranorte.com\/ca\/wp-content\/uploads\/2022\/10\/portada-odp-600x392.jpg 600w, https:\/\/www.caranorte.com\/ca\/wp-content\/uploads\/2022\/10\/portada-odp.jpg 693w\" sizes=\"(max-width: 400px) 100vw, 400px\" \/><br \/>\n\u00c9s f\u00e0cil endevinar que es tracta d&#8217;un esport molt complet i t\u00e8cnic on una bona formaci\u00f3 \u00e9s m\u00e9s que recomanable. Afortunadament si seguim una progressi\u00f3 acurada, continua, completa, sense preses per\u00f2 sense pausa, i gaudint de cada pas el cam\u00ed ser\u00e0 m\u00e9s senzill i podrem gaudir d&#8217;incre\u00efbles paisatges i sensacions gratificants que ens faran gaudir al m\u00e0xim de la muntanya hivernal.<\/p>\n<p>Un altre factor important a tenir en compte \u00e9s el dels riscos i perills que comporta la seva pr\u00e0ctica. Partint que utilitzem taules per lliscar sobre la neu, l&#8217;esqu\u00ed de muntanya ja es considera un esport de risc. Per\u00f2 a difer\u00e8ncia de l&#8217;esqu\u00ed alp\u00ed i a l&#8217;esqu\u00ed de fons ho practiquem en un entorn que no est\u00e0 controlat i aix\u00f2 comporta tota un s\u00e8rie de perills. Per aquesta ra\u00f3 \u00e9s essencial aprendre a identificar i gestionar els riscos i perills que implica la seva pr\u00e0ctica per tal de poder minimitzar-los i per aix\u00f2 la millor forma \u00e9s fent un curs d&#8217;esqu\u00ed de muntanya.<\/p>\n<p><strong>Quins s\u00f3n els ingredients del millor curs d&#8217;esqu\u00ed de muntanya?<\/strong> Per tal d&#8217;escollir la millor formaci\u00f3 possible cal tenir en compte tota una s\u00e8rie de punts:<\/p>\n<ul>\n<li>El nostre nivell de descens en esqu\u00ed.<\/li>\n<li>Les nostres capacitats f\u00edsiques i els nostres coneixements i experi\u00e8ncia en muntanya.<\/li>\n<li>L&#8217;\u00e8poca en la que farem el curs.<\/li>\n<li>Les caracter\u00edstiques i continguts de la formaci\u00f3.<\/li>\n<li>Les refer\u00e8ncies, experi\u00e8ncia i titulaci\u00f3 del professor que impartir\u00e0 el curs.<\/li>\n<\/ul>\n<p>A continuaci\u00f3 tens una descripci\u00f3 de\u00a0 les claus a tenir en compte per tal de trobar el millor curs d&#8217;esqu\u00ed de muntanya.<\/p>\n<\/div><div class=\"fusion-text fusion-text-7\"><h2 style=\"text-align: left;\"><strong>El nivell necessari per fer un curs d&#8217;esqu\u00ed de muntanya<br \/>\n<\/strong><\/h2>\n<p>El nivell del curs d&#8217;esqu\u00ed de muntanya est\u00e0 directament relacionat al nivell de les persones. En primer lloc cal ressaltar que per iniciar-se en l&#8217;esqu\u00ed de muntanya \u00e9s necessari haver practicat esqu\u00ed alp\u00ed amb anterioritat. Cada vegada hi ha m\u00e9s persones que volen iniciar-se en l&#8217;esqu\u00ed de muntanya sense haver fet mai esqu\u00ed alp\u00ed o amb molt poca experi\u00e8ncia.<\/p>\n<p><strong>Per\u00f2 quin \u00e9s el nivell m\u00ednim necessari?<\/strong> La resposta no \u00e9s senzilla perqu\u00e8 hi han molts factors a tenir en compte. Si has practicat esqu\u00ed de muntanya pel teu compte o amb amics \u00e9s igualment recomanable comen\u00e7ar des de zero per aprendre les bases correctament. Per altra banda est\u00e0 el nivell de descens d&#8217;esqu\u00ed doncs \u00e9s molt diferent baixar pistes vermelles, que baixar pistes negres, de la mateixa manera que no \u00e9s el mateix haver baixat 1 o 2 pistes negres, que poder baixar per qualsevol pista negra.<\/p>\n<p>\u00c9s per aix\u00f2 que des de <strong>CN<\/strong> es d\u00f3na molta import\u00e0ncia al nivell d&#8217;esqu\u00ed alp\u00ed. Es pot fer el curs d&#8217;esqu\u00ed de muntanya tant amb un nivell d&#8217;esqu\u00ed alp\u00ed de pistes vermelles com amb un nivell d&#8217;esqu\u00ed alp\u00ed de pistes negres, per aix\u00f2 els cursos de <strong>CN<\/strong> s&#8217;organitzen segon el nivell d&#8217;esqu\u00ed alp\u00ed. \u00c9s a dir, podem fer diferents cursos d&#8217;iniciaci\u00f3 a l&#8217;esqu\u00ed de muntanya de nivell 1 en funci\u00f3 del nivell de descens dels participants encara que el continguts s\u00f3n els mateixos. Des de <strong>CN<\/strong> \u00e9s el punt clau de partida per tal d&#8217;oferir la millor formaci\u00f3 possible.<\/p>\n<p class=\"aligncenter wp-image-1202\"><img decoding=\"async\" class=\"aligncenter wp-image-1202\" src=\"https:\/\/www.caranorte.com\/ca\/wp-content\/uploads\/2022\/10\/20181107.jpg\" alt=\"curs d'esqu\u00ed de muntanya\" width=\"700\" height=\"560\" srcset=\"https:\/\/www.caranorte.com\/ca\/wp-content\/uploads\/2022\/10\/20181107-150x120.jpg 150w, https:\/\/www.caranorte.com\/ca\/wp-content\/uploads\/2022\/10\/20181107-177x142.jpg 177w, https:\/\/www.caranorte.com\/ca\/wp-content\/uploads\/2022\/10\/20181107-200x160.jpg 200w, https:\/\/www.caranorte.com\/ca\/wp-content\/uploads\/2022\/10\/20181107-300x240.jpg 300w, https:\/\/www.caranorte.com\/ca\/wp-content\/uploads\/2022\/10\/20181107-400x320.jpg 400w, https:\/\/www.caranorte.com\/ca\/wp-content\/uploads\/2022\/10\/20181107-500x400.jpg 500w, https:\/\/www.caranorte.com\/ca\/wp-content\/uploads\/2022\/10\/20181107-600x480.jpg 600w, https:\/\/www.caranorte.com\/ca\/wp-content\/uploads\/2022\/10\/20181107.jpg 750w\" sizes=\"(max-width: 700px) 100vw, 700px\" \/><\/p>\n<\/div><div class=\"fusion-text fusion-text-8\"><h2 style=\"text-align: left;\"><strong>Les capacitats f\u00edsiques i l&#8217;experi\u00e8ncia en muntanya necess\u00e0ries per fer un curs d&#8217;esqu\u00ed de muntanya<br \/>\n<\/strong><\/h2>\n<p>L&#8217;esqu\u00ed de muntanya \u00e9s un dels esports m\u00e9s complets i exigents a nivell f\u00edsic que podem practicar. Per aquesta ra\u00f3 als cursos d&#8217;iniciaci\u00f3 d&#8217;esqu\u00ed de muntanya de <strong>CN<\/strong> veur\u00e0s que es demana unes condicions que permetin superar sense problemes entre 500 i 1000 metres de desnivell en una mateixa jornada, un requisit a l&#8217;abast de la majoria de les persones que practiquin muntanya de forma habitual. Si no compleixes aquest requisit segurament \u00e9s degut a que no practiques muntanya. Aix\u00f2 no vol dir que no pots iniciar-te en l&#8217;esqu\u00ed de muntanya, simplement s&#8217;haur\u00e0 d&#8217;adaptar les caracter\u00edstiques del curs al teu perfil.<\/p>\n<p class=\"aligncenter wp-image-1202\"><img decoding=\"async\" class=\"alignnone wp-image-1216 size-full\" src=\"https:\/\/www.caranorte.com\/ca\/wp-content\/uploads\/2022\/10\/20160421-PICA.jpg\" alt=\"Curs d'esqu\u00ed de muntanya\" width=\"675\" height=\"675\" srcset=\"https:\/\/www.caranorte.com\/ca\/wp-content\/uploads\/2022\/10\/20160421-PICA-66x66.jpg 66w, https:\/\/www.caranorte.com\/ca\/wp-content\/uploads\/2022\/10\/20160421-PICA-100x100.jpg 100w, https:\/\/www.caranorte.com\/ca\/wp-content\/uploads\/2022\/10\/20160421-PICA-150x150.jpg 150w, https:\/\/www.caranorte.com\/ca\/wp-content\/uploads\/2022\/10\/20160421-PICA-200x200.jpg 200w, https:\/\/www.caranorte.com\/ca\/wp-content\/uploads\/2022\/10\/20160421-PICA-300x300.jpg 300w, https:\/\/www.caranorte.com\/ca\/wp-content\/uploads\/2022\/10\/20160421-PICA-400x400.jpg 400w, https:\/\/www.caranorte.com\/ca\/wp-content\/uploads\/2022\/10\/20160421-PICA-500x500.jpg 500w, https:\/\/www.caranorte.com\/ca\/wp-content\/uploads\/2022\/10\/20160421-PICA-600x600.jpg 600w, https:\/\/www.caranorte.com\/ca\/wp-content\/uploads\/2022\/10\/20160421-PICA.jpg 675w\" sizes=\"(max-width: 675px) 100vw, 675px\" \/><\/p>\n<\/div><div class=\"fusion-text fusion-text-9\"><h2 style=\"text-align: left;\"><strong>La millor \u00e8poca per fer un curs d&#8217;esqu\u00ed de muntanya<br \/>\n<\/strong><\/h2>\n<p>Antigament l&#8217;esqu\u00ed de muntanya es practicava a la primavera quan havia acabat la temporada d&#8217;esqu\u00ed de pista. Avui dia, cada any passa el mateix, amb les primeres nevades de la temporada surten hordes d&#8217;apassionats i apassionades carregades amb els esqu\u00eds de muntanya als peus, o si cal a la motxilla, disposades a fer les primeres foquejades i els primers girs de la temporada&#8230; per\u00f2 tamb\u00e9 les primeres ratllades!<\/p>\n<p>Des de <strong>CN<\/strong>\u00a0 el primer curs d&#8217;esqu\u00ed de muntanya es fa quan la neu ho permet, &#8220;while there is snow, there is ski&#8221;, amb l&#8217;afegit\u00f3 de tenir una capa m\u00ednima que permeti fer-ho en unes m\u00ednimes condicions. I aix\u00f2 pot ser des del mes de Novembre en anys excepcionals fins a mitjans de Gener en els anys m\u00e9s dolents. La millor estrat\u00e8gia \u00e9s ser flexible per tal d&#8217;aprofitar les possibles nevades primerenques.<\/p>\n<p class=\"aligncenter wp-image-1202\"><img decoding=\"async\" class=\"alignnone wp-image-824 size-full\" src=\"https:\/\/www.caranorte.com\/ca\/wp-content\/uploads\/2016\/02\/20170130.jpg\" alt=\"Curs d'esqu\u00ed de muntanya\" width=\"750\" height=\"600\" srcset=\"https:\/\/www.caranorte.com\/ca\/wp-content\/uploads\/2016\/02\/20170130-120x96.jpg 120w, https:\/\/www.caranorte.com\/ca\/wp-content\/uploads\/2016\/02\/20170130-150x120.jpg 150w, https:\/\/www.caranorte.com\/ca\/wp-content\/uploads\/2016\/02\/20170130-177x142.jpg 177w, https:\/\/www.caranorte.com\/ca\/wp-content\/uploads\/2016\/02\/20170130-200x160.jpg 200w, https:\/\/www.caranorte.com\/ca\/wp-content\/uploads\/2016\/02\/20170130-300x240.jpg 300w, https:\/\/www.caranorte.com\/ca\/wp-content\/uploads\/2016\/02\/20170130-400x320.jpg 400w, https:\/\/www.caranorte.com\/ca\/wp-content\/uploads\/2016\/02\/20170130-500x400.jpg 500w, https:\/\/www.caranorte.com\/ca\/wp-content\/uploads\/2016\/02\/20170130-600x480.jpg 600w, https:\/\/www.caranorte.com\/ca\/wp-content\/uploads\/2016\/02\/20170130.jpg 750w\" sizes=\"(max-width: 750px) 100vw, 750px\" \/><\/p>\n<\/div><div class=\"fusion-text fusion-text-10\"><h2 style=\"text-align: left;\"><strong>Les caracter\u00edstiques i els continguts del millor curs d&#8217;esqu\u00ed de muntanya<br \/>\n<\/strong><\/h2>\n<p>El millor curs d&#8217;esqu\u00ed de muntanya ha de tenir unes caracter\u00edstiques que facilitin l&#8217;aprenentatge de l&#8217;alumnat i aix\u00f2 implica contemplar uns continguts amplis per\u00f2 que siguin al mateix temps concisos\u00a0 on no acabem perdent-nos en tones i tones d&#8217;informaci\u00f3 que m\u00e9s que aportar m\u00e9s coneixement acabin provocant que oblidem all\u00f2 m\u00e9s essencials.<\/p>\n<p>Un exemple de tot aix\u00f2 \u00e9s la formaci\u00f3 d&#8217;esqu\u00ed de muntanya de <strong>CN,\u00a0<\/strong> on a la iniciaci\u00f3 tractem temes variats i complet per\u00f2 focalitzant sempre el m\u00e9s important. \u00c9s per aix\u00f2 que trobar\u00e0s el curs <a href=\"https:\/\/www.caranorte.com\/guia-de-montana\/curso-iniciacion-esqui-montana-n1\/\">curs d&#8217;esqu\u00ed de muntanya de nivell 1<\/a>, el <a href=\"https:\/\/www.caranorte.com\/guia-de-montana\/curso-iniciacion-esqui-montana-n2\/\">curs d&#8217;esqu\u00ed de muntanya de nivell 2<\/a>, per\u00f2 tamb\u00e9 una combinaci\u00f3 dels dos en format continu, el <a href=\"https:\/\/www.caranorte.com\/guia-de-montana\/curso-completo-iniciacion-esqui-montana-n1-2\/\">curs d&#8217;esqu\u00ed de muntanya de nivell 1 + 2<\/a>. \u00c9s a dir, opcions perqu\u00e8 tothom pugui assolir els aprenentatges al seu ritme segons les seves necessitats.<\/p>\n<p class=\"aligncenter wp-image-1202\"><img decoding=\"async\" class=\"alignnone wp-image-1219 size-full\" src=\"https:\/\/www.caranorte.com\/ca\/wp-content\/uploads\/2022\/10\/20181216.jpg\" alt=\"Curs d'esqu\u00ed de muntanya\" width=\"750\" height=\"600\" srcset=\"https:\/\/www.caranorte.com\/ca\/wp-content\/uploads\/2022\/10\/20181216-150x120.jpg 150w, https:\/\/www.caranorte.com\/ca\/wp-content\/uploads\/2022\/10\/20181216-177x142.jpg 177w, https:\/\/www.caranorte.com\/ca\/wp-content\/uploads\/2022\/10\/20181216-200x160.jpg 200w, https:\/\/www.caranorte.com\/ca\/wp-content\/uploads\/2022\/10\/20181216-300x240.jpg 300w, https:\/\/www.caranorte.com\/ca\/wp-content\/uploads\/2022\/10\/20181216-400x320.jpg 400w, https:\/\/www.caranorte.com\/ca\/wp-content\/uploads\/2022\/10\/20181216-500x400.jpg 500w, https:\/\/www.caranorte.com\/ca\/wp-content\/uploads\/2022\/10\/20181216-600x480.jpg 600w, https:\/\/www.caranorte.com\/ca\/wp-content\/uploads\/2022\/10\/20181216.jpg 750w\" sizes=\"(max-width: 750px) 100vw, 750px\" \/><\/p>\n<\/div><div class=\"fusion-text fusion-text-11\"><h2 style=\"text-align: left;\"><strong>El professor del millor curs d&#8217;esqu\u00ed de muntanya<br \/>\n<\/strong><\/h2>\n<p>El millor docent d&#8217;un curs d&#8217;esqu\u00ed de muntanya \u00e9s el professional que sap adaptar-se a les condicions de l\u2019entorn, del grup i de cada persona. Un professional que busca l\u2019excel\u00b7l\u00e8ncia i que compta amb l\u2019experi\u00e8ncia, coneixements i compet\u00e8ncies necess\u00e0ries perqu\u00e8 l\u2019activitat sigui el m\u00e9s segura i gratificant possible. Un professional amb la millor preparaci\u00f3, formaci\u00f3 i titulaci\u00f3 possible.\u00a0 Pots ampliar informaci\u00f3 sobre aquest punt a l&#8217;article sobre com escollir <a href=\"https:\/\/www.caranorte.com\/ca\/el-millor-guia-de-muntanya\/\">el millor guia de muntanya<\/a>.<\/p>\n<p class=\"aligncenter wp-image-1202\"><img decoding=\"async\" class=\"alignnone wp-image-1221 size-full\" src=\"https:\/\/www.caranorte.com\/ca\/wp-content\/uploads\/2022\/10\/20180112.jpg\" alt=\"Curs d'esqu\u00ed de muntanya\" width=\"750\" height=\"600\" srcset=\"https:\/\/www.caranorte.com\/ca\/wp-content\/uploads\/2022\/10\/20180112-150x120.jpg 150w, https:\/\/www.caranorte.com\/ca\/wp-content\/uploads\/2022\/10\/20180112-177x142.jpg 177w, https:\/\/www.caranorte.com\/ca\/wp-content\/uploads\/2022\/10\/20180112-200x160.jpg 200w, https:\/\/www.caranorte.com\/ca\/wp-content\/uploads\/2022\/10\/20180112-300x240.jpg 300w, https:\/\/www.caranorte.com\/ca\/wp-content\/uploads\/2022\/10\/20180112-400x320.jpg 400w, https:\/\/www.caranorte.com\/ca\/wp-content\/uploads\/2022\/10\/20180112-500x400.jpg 500w, https:\/\/www.caranorte.com\/ca\/wp-content\/uploads\/2022\/10\/20180112-600x480.jpg 600w, https:\/\/www.caranorte.com\/ca\/wp-content\/uploads\/2022\/10\/20180112.jpg 750w\" sizes=\"(max-width: 750px) 100vw, 750px\" \/><\/p>\n<p>Si has arribat fins aqu\u00ed \u00e9s f\u00e0cil entendre que el millor curs d&#8217;esqu\u00ed de muntanya \u00e9s aquell que t\u00e9 en primer lloc cada persona. Si vols gaudir de la millor formaci\u00f3 possible i encara no tens clar quin \u00e9s el curs m\u00e9s adequat per a tu o tens qualsevol altre dubte pots contactar <a href=\"https:\/\/www.caranorte.com\/contacto\/?asunto=El%20mejor%20curso%20de%20esqu%C3%AD%20de%20monta%C3%B1a\">per aqu\u00ed per trobar la millor soluci\u00f3<\/a>.<\/p>\n<\/div><div class=\"fusion-clearfix\"><\/div><\/div><\/div><\/div><\/div><div class=\"fusion-fullwidth fullwidth-box fusion-builder-row-7 fusion-flex-container has-pattern-background has-mask-background nonhundred-percent-fullwidth non-hundred-percent-height-scrolling\" style=\"--awb-border-radius-top-left:0px;--awb-border-radius-top-right:0px;--awb-border-radius-bottom-right:0px;--awb-border-radius-bottom-left:0px;--awb-flex-wrap:wrap;\" ><div class=\"fusion-builder-row fusion-row fusion-flex-align-items-flex-start fusion-flex-content-wrap\" style=\"max-width:936px;margin-left: calc(-4% \/ 2 );margin-right: calc(-4% \/ 2 );\"><div class=\"fusion-layout-column fusion_builder_column fusion-builder-column-7 fusion_builder_column_1_1 1_1 fusion-flex-column\" style=\"--awb-bg-size:cover;--awb-width-large:100%;--awb-margin-top-large:0px;--awb-spacing-right-large:1.92%;--awb-margin-bottom-large:20px;--awb-spacing-left-large:1.92%;--awb-width-medium:100%;--awb-order-medium:0;--awb-spacing-right-medium:1.92%;--awb-spacing-left-medium:1.92%;--awb-width-small:100%;--awb-order-small:0;--awb-spacing-right-small:1.92%;--awb-spacing-left-small:1.92%;\"><div class=\"fusion-column-wrapper fusion-column-has-shadow fusion-flex-justify-content-flex-start fusion-content-layout-column\"><div class=\"fusion-separator fusion-full-width-sep\" style=\"align-self: center;margin-left: auto;margin-right: auto;margin-top:25px;width:100%;\"><div class=\"fusion-separator-border sep-shadow\" style=\"--awb-height:20px;--awb-amount:20px;background:radial-gradient(ellipse at 50% -50% , #e0dede 0px, rgba(255, 255, 255, 0) 80%) repeat scroll 0 0 rgba(0, 0, 0, 0);background:-webkit-radial-gradient(ellipse at 50% -50% , #e0dede 0px, rgba(255, 255, 255, 0) 80%) repeat scroll 0 0 rgba(0, 0, 0, 0);background:-moz-radial-gradient(ellipse at 50% -50% , #e0dede 0px, rgba(255, 255, 255, 0) 80%) repeat scroll 0 0 rgba(0, 0, 0, 0);background:-o-radial-gradient(ellipse at 50% -50% , #e0dede 0px, rgba(255, 255, 255, 0) 80%) repeat scroll 0 0 rgba(0, 0, 0, 0);\"><\/div><\/div><\/div><\/div><\/div><\/div><div class=\"fusion-fullwidth fullwidth-box fusion-builder-row-8 nonhundred-percent-fullwidth non-hundred-percent-height-scrolling\" style=\"--awb-background-position:left top;--awb-border-sizes-top:0px;--awb-border-sizes-bottom:0px;--awb-border-sizes-left:0px;--awb-border-sizes-right:0px;--awb-border-radius-top-left:0px;--awb-border-radius-top-right:0px;--awb-border-radius-bottom-right:0px;--awb-border-radius-bottom-left:0px;--awb-padding-top:20px;--awb-padding-bottom:20px;--awb-flex-wrap:wrap;\" ><div class=\"fusion-builder-row fusion-row\"><div class=\"fusion-layout-column fusion_builder_column fusion-builder-column-8 fusion_builder_column_1_1 1_1 fusion-one-full fusion-column-first fusion-column-last fusion-column-no-min-height\" style=\"--awb-bg-size:cover;--awb-margin-bottom:0px;\"><div class=\"fusion-column-wrapper fusion-flex-column-wrapper-legacy\"><div class=\"fusion-text fusion-text-12\"><div class=\"fusion-text fusion-text-12\"><\/div>\n<h1 style=\"text-align: center;\"><strong>Altres cursos d&#8217;esqu\u00ed de muntanya i activitats guiades<br \/>\n<\/strong><\/h1>\n<h2 style=\"text-align: center;\"><strong>Cursos, sortides, ascensions i travesses d&#8217;esqu\u00ed de muntanya<\/strong><\/h2>\n<p style=\"text-align: center;\">Apr\u00e9n desde zero, recicla&#8217;t, perfecciona&#8217;t o gaudeix de les millors activitats d&#8217;esqu\u00ed de muntanya.<br \/>\n<!-- bloc--><\/p>\n<\/div><div class=\"fusion-clearfix\"><\/div><\/div><\/div><\/div><div class=\"fusion-builder-row fusion-row\"><\/div><div class=\"fusion-builder-row fusion-row\"><div class=\"fusion-layout-column fusion_builder_column fusion-builder-column-9 fusion_builder_column_1_4 1_4 fusion-one-fourth fusion-column-first\" style=\"--awb-bg-size:cover;width:25%;width:calc(25% - ( ( 4% + 4% + 4% ) * 0.25 ) );margin-right: 4%;\"><div class=\"fusion-column-wrapper fusion-flex-column-wrapper-legacy\"><div class=\"fusion-image-element in-legacy-container\" style=\"--awb-caption-title-font-family:var(--h2_typography-font-family);--awb-caption-title-font-weight:var(--h2_typography-font-weight);--awb-caption-title-font-style:var(--h2_typography-font-style);--awb-caption-title-size:var(--h2_typography-font-size);--awb-caption-title-transform:var(--h2_typography-text-transform);--awb-caption-title-line-height:var(--h2_typography-line-height);--awb-caption-title-letter-spacing:var(--h2_typography-letter-spacing);\"><span class=\" fusion-imageframe imageframe-none imageframe-3 hover-type-none\"><a class=\"fusion-no-lightbox\" href=\"https:\/\/www.caranorte.com\/guia-de-montana\/curso-iniciacion-esqui-montana-n1\/\" target=\"_self\" aria-label=\"curs-iniciacio-esqui-de-muntanya-12\"><img decoding=\"async\" width=\"900\" height=\"900\" alt=\"curs d&#039;esqu\u00ed de muntanya\" src=\"https:\/\/www.caranorte.com\/ca\/wp-content\/uploads\/2018\/11\/curs-iniciacio-esqui-de-muntanya-12.jpg\" class=\"img-responsive wp-image-1022\" srcset=\"https:\/\/www.caranorte.com\/ca\/wp-content\/uploads\/2018\/11\/curs-iniciacio-esqui-de-muntanya-12-200x200.jpg 200w, https:\/\/www.caranorte.com\/ca\/wp-content\/uploads\/2018\/11\/curs-iniciacio-esqui-de-muntanya-12-400x400.jpg 400w, https:\/\/www.caranorte.com\/ca\/wp-content\/uploads\/2018\/11\/curs-iniciacio-esqui-de-muntanya-12-600x600.jpg 600w, https:\/\/www.caranorte.com\/ca\/wp-content\/uploads\/2018\/11\/curs-iniciacio-esqui-de-muntanya-12-800x800.jpg 800w, https:\/\/www.caranorte.com\/ca\/wp-content\/uploads\/2018\/11\/curs-iniciacio-esqui-de-muntanya-12.jpg 900w\" sizes=\"(max-width: 800px) 100vw, 200px\" \/><\/a><\/span><\/div><div class=\"fusion-clearfix\"><\/div><\/div><\/div><div class=\"fusion-layout-column fusion_builder_column fusion-builder-column-10 fusion_builder_column_1_4 1_4 fusion-one-fourth\" style=\"--awb-bg-size:cover;width:25%;width:calc(25% - ( ( 4% + 4% + 4% ) * 0.25 ) );margin-right: 4%;\"><div class=\"fusion-column-wrapper fusion-flex-column-wrapper-legacy\"><div class=\"fusion-image-element in-legacy-container\" style=\"--awb-caption-title-font-family:var(--h2_typography-font-family);--awb-caption-title-font-weight:var(--h2_typography-font-weight);--awb-caption-title-font-style:var(--h2_typography-font-style);--awb-caption-title-size:var(--h2_typography-font-size);--awb-caption-title-transform:var(--h2_typography-text-transform);--awb-caption-title-line-height:var(--h2_typography-line-height);--awb-caption-title-letter-spacing:var(--h2_typography-letter-spacing);\"><span class=\" fusion-imageframe imageframe-none imageframe-4 hover-type-none\"><a class=\"fusion-no-lightbox\" href=\"https:\/\/www.caranorte.com\/guia-de-montana\/curso-iniciacion-esqui-montana-n2\/\" target=\"_self\" aria-label=\"curs-iniciacio-esqui-de-muntanya-13\"><img decoding=\"async\" width=\"900\" height=\"900\" alt=\"curs d&#039;esqu\u00ed de muntanya\" src=\"https:\/\/www.caranorte.com\/ca\/wp-content\/uploads\/2019\/09\/curs-iniciacio-esqui-de-muntanya-13.jpg\" class=\"img-responsive wp-image-1070\" srcset=\"https:\/\/www.caranorte.com\/ca\/wp-content\/uploads\/2019\/09\/curs-iniciacio-esqui-de-muntanya-13-200x200.jpg 200w, https:\/\/www.caranorte.com\/ca\/wp-content\/uploads\/2019\/09\/curs-iniciacio-esqui-de-muntanya-13-400x400.jpg 400w, https:\/\/www.caranorte.com\/ca\/wp-content\/uploads\/2019\/09\/curs-iniciacio-esqui-de-muntanya-13-600x600.jpg 600w, https:\/\/www.caranorte.com\/ca\/wp-content\/uploads\/2019\/09\/curs-iniciacio-esqui-de-muntanya-13-800x800.jpg 800w, https:\/\/www.caranorte.com\/ca\/wp-content\/uploads\/2019\/09\/curs-iniciacio-esqui-de-muntanya-13.jpg 900w\" sizes=\"(max-width: 800px) 100vw, 200px\" \/><\/a><\/span><\/div><div class=\"fusion-clearfix\"><\/div><\/div><\/div><div class=\"fusion-layout-column fusion_builder_column fusion-builder-column-11 fusion_builder_column_1_4 1_4 fusion-one-fourth\" style=\"--awb-bg-size:cover;width:25%;width:calc(25% - ( ( 4% + 4% + 4% ) * 0.25 ) );margin-right: 4%;\"><div class=\"fusion-column-wrapper fusion-flex-column-wrapper-legacy\"><div class=\"fusion-image-element in-legacy-container\" style=\"--awb-caption-title-font-family:var(--h2_typography-font-family);--awb-caption-title-font-weight:var(--h2_typography-font-weight);--awb-caption-title-font-style:var(--h2_typography-font-style);--awb-caption-title-size:var(--h2_typography-font-size);--awb-caption-title-transform:var(--h2_typography-text-transform);--awb-caption-title-line-height:var(--h2_typography-line-height);--awb-caption-title-letter-spacing:var(--h2_typography-letter-spacing);\"><span class=\" fusion-imageframe imageframe-none imageframe-5 hover-type-none\"><a class=\"fusion-no-lightbox\" href=\"https:\/\/www.caranorte.com\/guia-de-montana\/curso-completo-iniciacion-esqui-montana-n0-1\/\" target=\"_self\" aria-label=\"curs-iniciacio-esqui-de-muntanya-11\"><img decoding=\"async\" width=\"900\" height=\"900\" alt=\"curs d&#039;esqu\u00ed de muntanya\" src=\"https:\/\/www.caranorte.com\/ca\/wp-content\/uploads\/2018\/11\/curs-iniciacio-esqui-de-muntanya-11.jpg\" class=\"img-responsive wp-image-1023\" srcset=\"https:\/\/www.caranorte.com\/ca\/wp-content\/uploads\/2018\/11\/curs-iniciacio-esqui-de-muntanya-11-200x200.jpg 200w, https:\/\/www.caranorte.com\/ca\/wp-content\/uploads\/2018\/11\/curs-iniciacio-esqui-de-muntanya-11-400x400.jpg 400w, https:\/\/www.caranorte.com\/ca\/wp-content\/uploads\/2018\/11\/curs-iniciacio-esqui-de-muntanya-11-600x600.jpg 600w, https:\/\/www.caranorte.com\/ca\/wp-content\/uploads\/2018\/11\/curs-iniciacio-esqui-de-muntanya-11-800x800.jpg 800w, https:\/\/www.caranorte.com\/ca\/wp-content\/uploads\/2018\/11\/curs-iniciacio-esqui-de-muntanya-11.jpg 900w\" sizes=\"(max-width: 800px) 100vw, 200px\" \/><\/a><\/span><\/div><div class=\"fusion-clearfix\"><\/div><\/div><\/div><div class=\"fusion-layout-column fusion_builder_column fusion-builder-column-12 fusion_builder_column_1_4 1_4 fusion-one-fourth fusion-column-last\" style=\"--awb-bg-size:cover;width:25%;width:calc(25% - ( ( 4% + 4% + 4% ) * 0.25 ) );\"><div class=\"fusion-column-wrapper fusion-flex-column-wrapper-legacy\"><div class=\"fusion-image-element in-legacy-container\" style=\"--awb-caption-title-font-family:var(--h2_typography-font-family);--awb-caption-title-font-weight:var(--h2_typography-font-weight);--awb-caption-title-font-style:var(--h2_typography-font-style);--awb-caption-title-size:var(--h2_typography-font-size);--awb-caption-title-transform:var(--h2_typography-text-transform);--awb-caption-title-line-height:var(--h2_typography-line-height);--awb-caption-title-letter-spacing:var(--h2_typography-letter-spacing);\"><span class=\" fusion-imageframe imageframe-none imageframe-6 hover-type-none\"><a class=\"fusion-no-lightbox\" href=\"https:\/\/www.caranorte.com\/contacto?asunto=Clases de descenso en esqu\u00ed de monta\u00f1a\" target=\"_self\" aria-label=\"curs-iniciacio-esqui-de-muntanya-15\"><img decoding=\"async\" width=\"900\" height=\"900\" alt=\"curs d&#039;esqu\u00ed de muntanya\" src=\"https:\/\/www.caranorte.com\/ca\/wp-content\/uploads\/2019\/12\/curs-iniciacio-esqui-de-muntanya-15.jpg\" class=\"img-responsive wp-image-1081\" srcset=\"https:\/\/www.caranorte.com\/ca\/wp-content\/uploads\/2019\/12\/curs-iniciacio-esqui-de-muntanya-15-200x200.jpg 200w, https:\/\/www.caranorte.com\/ca\/wp-content\/uploads\/2019\/12\/curs-iniciacio-esqui-de-muntanya-15-400x400.jpg 400w, https:\/\/www.caranorte.com\/ca\/wp-content\/uploads\/2019\/12\/curs-iniciacio-esqui-de-muntanya-15-600x600.jpg 600w, https:\/\/www.caranorte.com\/ca\/wp-content\/uploads\/2019\/12\/curs-iniciacio-esqui-de-muntanya-15-800x800.jpg 800w, https:\/\/www.caranorte.com\/ca\/wp-content\/uploads\/2019\/12\/curs-iniciacio-esqui-de-muntanya-15.jpg 900w\" sizes=\"(max-width: 800px) 100vw, 900px\" \/><\/a><\/span><\/div><div class=\"fusion-clearfix\"><\/div><\/div><\/div><\/div><\/div><div class=\"fusion-fullwidth fullwidth-box fusion-builder-row-9 nonhundred-percent-fullwidth non-hundred-percent-height-scrolling\" style=\"--awb-border-radius-top-left:0px;--awb-border-radius-top-right:0px;--awb-border-radius-bottom-right:0px;--awb-border-radius-bottom-left:0px;--awb-flex-wrap:wrap;\" ><div class=\"fusion-builder-row fusion-row\"><div class=\"fusion-layout-column fusion_builder_column fusion-builder-column-13 fusion_builder_column_1_1 1_1 fusion-one-full fusion-column-first fusion-column-last\" style=\"--awb-bg-size:cover;--awb-margin-bottom:0px;\"><div class=\"fusion-column-wrapper fusion-flex-column-wrapper-legacy\"><div class=\"fusion-text fusion-text-14\"><p><!-- Facebook Pixel Code --><script src=\"https:\/\/www.caranorte.com\/js\/trackingcodefb.js\"><\/script><br \/>\n<!-- End Facebook Pixel Code --><\/p>\n<\/div><div class=\"fusion-clearfix\"><\/div><\/div><\/div><\/div><\/div><\/p>\n","protected":false},"excerpt":{"rendered":"","protected":false},"author":1,"featured_media":0,"parent":0,"menu_order":0,"comment_status":"closed","ping_status":"closed","template":"100-width.php","meta":{"footnotes":""},"class_list":["post-214","page","type-page","status-publish","hentry"],"_links":{"self":[{"href":"https:\/\/www.caranorte.com\/ca\/wp-json\/wp\/v2\/pages\/214","targetHints":{"allow":["GET"]}}],"collection":[{"href":"https:\/\/www.caranorte.com\/ca\/wp-json\/wp\/v2\/pages"}],"about":[{"href":"https:\/\/www.caranorte.com\/ca\/wp-json\/wp\/v2\/types\/page"}],"author":[{"embeddable":true,"href":"https:\/\/www.caranorte.com\/ca\/wp-json\/wp\/v2\/users\/1"}],"replies":[{"embeddable":true,"href":"https:\/\/www.caranorte.com\/ca\/wp-json\/wp\/v2\/comments?post=214"}],"version-history":[{"count":10,"href":"https:\/\/www.caranorte.com\/ca\/wp-json\/wp\/v2\/pages\/214\/revisions"}],"predecessor-version":[{"id":1502,"href":"https:\/\/www.caranorte.com\/ca\/wp-json\/wp\/v2\/pages\/214\/revisions\/1502"}],"wp:attachment":[{"href":"https:\/\/www.caranorte.com\/ca\/wp-json\/wp\/v2\/media?parent=214"}],"curies":[{"name":"wp","href":"https:\/\/api.w.org\/{rel}","templated":true}]}}