{"id":5,"date":"2015-02-21T13:26:25","date_gmt":"2015-02-21T13:26:25","guid":{"rendered":"http:\/\/www.caranorte.com\/ca\/?page_id=5"},"modified":"2024-01-02T22:13:09","modified_gmt":"2024-01-02T22:13:09","slug":"inici","status":"publish","type":"page","link":"https:\/\/www.caranorte.com\/ca\/","title":{"rendered":"Cursos, viatges i activitats d&#8217;alpinisme, escalada i esqu\u00ed de muntanya"},"content":{"rendered":"<p><div class=\"fusion-fullwidth fullwidth-box fusion-builder-row-1 fusion-flex-container has-pattern-background has-mask-background fusion-parallax-none nonhundred-percent-fullwidth hundred-percent-height hundred-percent-height-center-content non-hundred-percent-height-scrolling\" style=\"--awb-border-radius-top-left:0px;--awb-border-radius-top-right:0px;--awb-border-radius-bottom-right:0px;--awb-border-radius-bottom-left:0px;--awb-padding-top-small:144px;--awb-padding-bottom-small:144px;--awb-background-color:var(--awb-color6);--awb-background-image:url(&quot;https:\/\/www.caranorte.com\/en\/wp-content\/uploads\/2024\/01\/curs-desqui-de-muntanya-2.webp&quot;);--awb-background-size:cover;--awb-flex-wrap:wrap;\" ><div class=\"fusion-builder-row fusion-row fusion-flex-align-items-center fusion-flex-align-content-center fusion-flex-content-wrap\" style=\"max-width:936px;margin-left: calc(-4% \/ 2 );margin-right: calc(-4% \/ 2 );\"><div class=\"fusion-layout-column fusion_builder_column fusion-builder-column-0 fusion_builder_column_1_1 1_1 fusion-flex-column\" style=\"--awb-bg-size:cover;--awb-width-large:100%;--awb-margin-top-large:0px;--awb-spacing-right-large:1.92%;--awb-margin-bottom-large:0px;--awb-spacing-left-large:1.92%;--awb-width-medium:100%;--awb-order-medium:0;--awb-spacing-right-medium:1.92%;--awb-spacing-left-medium:1.92%;--awb-width-small:100%;--awb-order-small:0;--awb-spacing-right-small:1.92%;--awb-spacing-left-small:1.92%;\"><div class=\"fusion-column-wrapper fusion-column-has-shadow fusion-flex-justify-content-flex-start fusion-content-layout-column\"><div class=\"fusion-title title fusion-title-1 fusion-sep-none fusion-title-center fusion-title-text fusion-title-size-one\" style=\"--awb-text-color:var(--awb-color1);--awb-font-size:70px;\"><h1 class=\"fusion-title-heading title-heading-center\" style=\"margin:0;font-size:1em;\"><strong>El teu guia de muntanya a Montserrat, Pedraforca, Aneto, Mont Blanc&#8230;<br \/>\n<\/strong><\/h1><\/div><\/div><\/div><\/div><\/div><div class=\"fusion-fullwidth fullwidth-box fusion-builder-row-2 fusion-flex-container nonhundred-percent-fullwidth non-hundred-percent-height-scrolling\" style=\"--awb-border-radius-top-left:0px;--awb-border-radius-top-right:0px;--awb-border-radius-bottom-right:0px;--awb-border-radius-bottom-left:0px;--awb-flex-wrap:wrap;\" ><div class=\"fusion-builder-row fusion-row fusion-flex-align-items-flex-start fusion-flex-content-wrap\" style=\"max-width:936px;margin-left: calc(-4% \/ 2 );margin-right: calc(-4% \/ 2 );\"><div class=\"fusion-layout-column fusion_builder_column fusion-builder-column-1 fusion_builder_column_1_1 1_1 fusion-flex-column\" style=\"--awb-bg-size:cover;--awb-width-large:100%;--awb-margin-top-large:0px;--awb-spacing-right-large:1.92%;--awb-margin-bottom-large:0px;--awb-spacing-left-large:1.92%;--awb-width-medium:100%;--awb-spacing-right-medium:1.92%;--awb-spacing-left-medium:1.92%;--awb-width-small:100%;--awb-spacing-right-small:1.92%;--awb-spacing-left-small:1.92%;\"><div class=\"fusion-column-wrapper fusion-flex-justify-content-flex-start fusion-content-layout-column\"><\/div><\/div><\/div><\/div><div class=\"fusion-fullwidth fullwidth-box fusion-builder-row-3 has-pattern-background has-mask-background nonhundred-percent-fullwidth non-hundred-percent-height-scrolling\" style=\"--awb-background-position:left top;--awb-border-sizes-top:0px;--awb-border-sizes-bottom:0px;--awb-border-sizes-left:0px;--awb-border-sizes-right:0px;--awb-border-color:#e5e4e4;--awb-border-radius-top-left:0px;--awb-border-radius-top-right:0px;--awb-border-radius-bottom-right:0px;--awb-border-radius-bottom-left:0px;--awb-padding-top:0px;--awb-padding-bottom:0px;--awb-margin-top:55px;--awb-margin-bottom:5px;--awb-background-color:no;--awb-flex-wrap:wrap;\" ><div class=\"fusion-builder-row fusion-row\"><div class=\"fusion-layout-column fusion_builder_column fusion-builder-column-2 fusion_builder_column_1_1 1_1 fusion-one-full fusion-column-first fusion-column-last fusion-column-no-min-height\" style=\"--awb-bg-size:cover;--awb-margin-bottom:0px;\"><div class=\"fusion-column-wrapper fusion-flex-column-wrapper-legacy\"><div class=\"fusion-text fusion-text-1 fusion-text-no-margin\" style=\"--awb-margin-top:20px;--awb-margin-bottom:20px;\"><h1 class=\"fusion-title-heading title-heading-center\" style=\"text-align: center;\"><strong>Cursos i activitats personalitzades d\u2019escalada, alpinisme i esqu\u00ed de muntanya<\/strong>.<\/h1>\n<\/div><div class=\"fusion-clearfix\"><\/div><\/div><\/div><\/div><\/div><div class=\"fusion-fullwidth fullwidth-box fusion-builder-row-4 nonhundred-percent-fullwidth non-hundred-percent-height-scrolling fusion-no-small-visibility\" style=\"--awb-background-position:left top;--awb-border-sizes-top:0px;--awb-border-sizes-bottom:0px;--awb-border-sizes-left:0px;--awb-border-sizes-right:0px;--awb-border-color:#e5e4e4;--awb-border-radius-top-left:0px;--awb-border-radius-top-right:0px;--awb-border-radius-bottom-right:0px;--awb-border-radius-bottom-left:0px;--awb-padding-top:0px;--awb-padding-bottom:20px;--awb-background-color:no;--awb-flex-wrap:wrap;\" ><div class=\"fusion-builder-row fusion-row\"><div class=\"fusion-layout-column fusion_builder_column fusion-builder-column-3 fusion_builder_column_1_1 1_1 fusion-one-full fusion-column-first fusion-column-last fusion-column-no-min-height\" style=\"--awb-bg-size:cover;--awb-margin-bottom:0px;\"><div class=\"fusion-column-wrapper fusion-flex-column-wrapper-legacy\"><div class=\"fusion-sep-clear\"><\/div><div class=\"fusion-separator fusion-full-width-sep\" style=\"margin-left: auto;margin-right: auto;margin-top:0px;margin-bottom:25px;width:100%;\"><div class=\"fusion-separator-border sep-shadow\" style=\"--awb-height:20px;--awb-amount:20px;background:radial-gradient(ellipse at 50% -50% , #e0dede 0px, rgba(255, 255, 255, 0) 80%) repeat scroll 0 0 rgba(0, 0, 0, 0);background:-webkit-radial-gradient(ellipse at 50% -50% , #e0dede 0px, rgba(255, 255, 255, 0) 80%) repeat scroll 0 0 rgba(0, 0, 0, 0);background:-moz-radial-gradient(ellipse at 50% -50% , #e0dede 0px, rgba(255, 255, 255, 0) 80%) repeat scroll 0 0 rgba(0, 0, 0, 0);background:-o-radial-gradient(ellipse at 50% -50% , #e0dede 0px, rgba(255, 255, 255, 0) 80%) repeat scroll 0 0 rgba(0, 0, 0, 0);\"><\/div><\/div><div class=\"fusion-sep-clear\"><\/div><div class=\"fusion-clearfix\"><\/div><\/div><\/div><\/div><\/div><div class=\"fusion-fullwidth fullwidth-box fusion-builder-row-5 has-pattern-background has-mask-background nonhundred-percent-fullwidth non-hundred-percent-height-scrolling\" style=\"--awb-border-radius-top-left:0px;--awb-border-radius-top-right:0px;--awb-border-radius-bottom-right:0px;--awb-border-radius-bottom-left:0px;--awb-margin-bottom:30px;--awb-flex-wrap:wrap;\" ><div class=\"fusion-builder-row fusion-row\"><div class=\"fusion-layout-column fusion_builder_column fusion-builder-column-4 fusion_builder_column_1_3 1_3 fusion-one-third fusion-column-first\" style=\"--awb-bg-size:cover;width:33.333333333333%;width:calc(33.333333333333% - ( ( 4% + 4% ) * 0.33333333333333 ) );margin-right: 4%;\"><div class=\"fusion-column-wrapper fusion-column-has-shadow fusion-flex-column-wrapper-legacy\"><div class=\"fusion-image-element in-legacy-container\" style=\"--awb-caption-title-font-family:var(--h2_typography-font-family);--awb-caption-title-font-weight:var(--h2_typography-font-weight);--awb-caption-title-font-style:var(--h2_typography-font-style);--awb-caption-title-size:var(--h2_typography-font-size);--awb-caption-title-transform:var(--h2_typography-text-transform);--awb-caption-title-line-height:var(--h2_typography-line-height);--awb-caption-title-letter-spacing:var(--h2_typography-letter-spacing);\"><span class=\" fusion-imageframe imageframe-none imageframe-1 hover-type-none\"><a class=\"fusion-no-lightbox\" href=\"https:\/\/www.caranorte.com\/guia-de-montana\/curso-iniciacion-esqui-montana-n1\/\" target=\"_self\" aria-label=\"curs d&#8217;esqu\u00ed de muntanya\"><img decoding=\"async\" width=\"300\" height=\"300\" alt=\"curs d&#039;esqu\u00ed de muntanya\" src=\"https:\/\/www.caranorte.com\/ca\/wp-content\/uploads\/2024\/01\/curs-desqui-de-muntanya-1.webp\" class=\"img-responsive wp-image-1413\" srcset=\"https:\/\/www.caranorte.com\/ca\/wp-content\/uploads\/2024\/01\/curs-desqui-de-muntanya-1-200x200.webp 200w, https:\/\/www.caranorte.com\/ca\/wp-content\/uploads\/2024\/01\/curs-desqui-de-muntanya-1.webp 300w\" sizes=\"(max-width: 800px) 100vw, 300px\" \/><\/a><\/span><\/div><div class=\"fusion-clearfix\"><\/div><\/div><\/div><div class=\"fusion-layout-column fusion_builder_column fusion-builder-column-5 fusion_builder_column_1_3 1_3 fusion-one-third\" style=\"--awb-bg-size:cover;width:33.333333333333%;width:calc(33.333333333333% - ( ( 4% + 4% ) * 0.33333333333333 ) );margin-right: 4%;\"><div class=\"fusion-column-wrapper fusion-column-has-shadow fusion-flex-column-wrapper-legacy\"><div class=\"fusion-image-element in-legacy-container\" style=\"--awb-caption-title-font-family:var(--h2_typography-font-family);--awb-caption-title-font-weight:var(--h2_typography-font-weight);--awb-caption-title-font-style:var(--h2_typography-font-style);--awb-caption-title-size:var(--h2_typography-font-size);--awb-caption-title-transform:var(--h2_typography-text-transform);--awb-caption-title-line-height:var(--h2_typography-line-height);--awb-caption-title-letter-spacing:var(--h2_typography-letter-spacing);\"><span class=\" fusion-imageframe imageframe-none imageframe-2 hover-type-none\"><a class=\"fusion-no-lightbox\" href=\"https:\/\/www.caranorte.com\/guia-de-montana\/curso-iniciacion-escalada\/\" target=\"_self\" aria-label=\"curs d&#8217;escalada en roca a Barcelona\"><img decoding=\"async\" width=\"400\" height=\"400\" alt=\"Curs d&#039;escalada en roca a Barcelona\" src=\"https:\/\/www.caranorte.com\/ca\/wp-content\/uploads\/2024\/01\/curs-descalada-en-roca-a-Barcelona.webp\" class=\"img-responsive wp-image-1419\" srcset=\"https:\/\/www.caranorte.com\/ca\/wp-content\/uploads\/2024\/01\/curs-descalada-en-roca-a-Barcelona-200x200.webp 200w, https:\/\/www.caranorte.com\/ca\/wp-content\/uploads\/2024\/01\/curs-descalada-en-roca-a-Barcelona.webp 400w\" sizes=\"(max-width: 800px) 100vw, 400px\" \/><\/a><\/span><\/div><div class=\"fusion-clearfix\"><\/div><\/div><\/div><div class=\"fusion-layout-column fusion_builder_column fusion-builder-column-6 fusion_builder_column_1_3 1_3 fusion-one-third fusion-column-last\" style=\"--awb-bg-size:cover;width:33.333333333333%;width:calc(33.333333333333% - ( ( 4% + 4% ) * 0.33333333333333 ) );\"><div class=\"fusion-column-wrapper fusion-column-has-shadow fusion-flex-column-wrapper-legacy\"><div class=\"fusion-image-element in-legacy-container\" style=\"--awb-caption-title-font-family:var(--h2_typography-font-family);--awb-caption-title-font-weight:var(--h2_typography-font-weight);--awb-caption-title-font-style:var(--h2_typography-font-style);--awb-caption-title-size:var(--h2_typography-font-size);--awb-caption-title-transform:var(--h2_typography-text-transform);--awb-caption-title-line-height:var(--h2_typography-line-height);--awb-caption-title-letter-spacing:var(--h2_typography-letter-spacing);\"><span class=\" fusion-imageframe imageframe-none imageframe-3 hover-type-none\"><a class=\"fusion-no-lightbox\" href=\"https:\/\/www.caranorte.com\/guia-de-montana\/subir-al-pedraforca-con-guia\/\" target=\"_self\" aria-label=\"guia de muntanya pedraforca\"><img decoding=\"async\" width=\"500\" height=\"500\" alt=\"Guia de muntanya al Pedraforca\" src=\"https:\/\/www.caranorte.com\/ca\/wp-content\/uploads\/2024\/01\/guia-de-muntanya-pedraforca.webp\" class=\"img-responsive wp-image-1421\" srcset=\"https:\/\/www.caranorte.com\/ca\/wp-content\/uploads\/2024\/01\/guia-de-muntanya-pedraforca-200x200.webp 200w, https:\/\/www.caranorte.com\/ca\/wp-content\/uploads\/2024\/01\/guia-de-muntanya-pedraforca-400x400.webp 400w, https:\/\/www.caranorte.com\/ca\/wp-content\/uploads\/2024\/01\/guia-de-muntanya-pedraforca.webp 500w\" sizes=\"(max-width: 800px) 100vw, 400px\" \/><\/a><\/span><\/div><div class=\"fusion-clearfix\"><\/div><\/div><\/div><\/div><\/div><div class=\"fusion-fullwidth fullwidth-box fusion-builder-row-6 nonhundred-percent-fullwidth non-hundred-percent-height-scrolling\" style=\"--awb-background-position:left top;--awb-border-sizes-top:0px;--awb-border-sizes-bottom:0px;--awb-border-sizes-left:0px;--awb-border-sizes-right:0px;--awb-border-color:#e5e4e4;--awb-border-radius-top-left:0px;--awb-border-radius-top-right:0px;--awb-border-radius-bottom-right:0px;--awb-border-radius-bottom-left:0px;--awb-padding-top:30px;--awb-padding-bottom:35px;--awb-background-color:#333333;--awb-flex-wrap:wrap;\" ><div class=\"fusion-builder-row fusion-row\"><div class=\"fusion-layout-column fusion_builder_column fusion-builder-column-7 fusion_builder_column_1_1 1_1 fusion-one-full fusion-column-first fusion-column-last fusion-column-no-min-height\" style=\"--awb-bg-size:cover;--awb-margin-bottom:0px;\"><div class=\"fusion-column-wrapper fusion-flex-column-wrapper-legacy\"><div class=\"fusion-text fusion-text-2\"><h1 style=\"text-align: center; font-size: 30px !important; color: #fff !important;\">Opinions<\/h1>\n<\/div><div class=\"fusion-clearfix\"><\/div><\/div><\/div><\/div><\/div><div class=\"fusion-fullwidth fullwidth-box fusion-builder-row-7 hundred-percent-fullwidth non-hundred-percent-height-scrolling\" style=\"--awb-border-radius-top-left:0px;--awb-border-radius-top-right:0px;--awb-border-radius-bottom-right:0px;--awb-border-radius-bottom-left:0px;--awb-overflow:visible;--awb-padding-right:20px;--awb-padding-left:20px;--awb-flex-wrap:wrap;\" ><div class=\"fusion-builder-row fusion-row\"><div class=\"fusion-layout-column fusion_builder_column fusion-builder-column-8 fusion_builder_column_1_1 1_1 fusion-one-full fusion-column-first fusion-column-last fusion-column-no-min-height\" style=\"--awb-bg-size:cover;--awb-margin-bottom:0px;\"><div class=\"fusion-column-wrapper fusion-flex-column-wrapper-legacy\"><div class=\"fusion-section-separator section-separator triangle fusion-section-separator-1\" style=\"--awb-border-bottom:1px solid #333333;--awb-spacer-height:1px;--awb-svg-margin-left:0;--awb-svg-margin-right:0;--awb-icon-color:#ffffff;\"><div class=\"fusion-section-separator-svg\"><div class=\"divider-candy-arrow bottom\" style=\"top:0px;border-top-color: #333333;\"><\/div><div class=\"divider-candy bottom\" style=\"bottom:-21px;border-bottom:1px solid #333333;border-left:1px solid #333333;\"><\/div><\/div><div class=\"fusion-section-separator-spacer\"><div class=\"fusion-section-separator-spacer-height\"><\/div><\/div><\/div><div class=\"fusion-clearfix\"><\/div><\/div><\/div><\/div><\/div><div class=\"fusion-fullwidth fullwidth-box fusion-builder-row-8 nonhundred-percent-fullwidth non-hundred-percent-height-scrolling\" style=\"--awb-background-position:left top;--awb-border-sizes-top:0px;--awb-border-sizes-bottom:0px;--awb-border-sizes-left:0px;--awb-border-sizes-right:0px;--awb-border-radius-top-left:0px;--awb-border-radius-top-right:0px;--awb-border-radius-bottom-right:0px;--awb-border-radius-bottom-left:0px;--awb-padding-top:0px;--awb-padding-bottom:0px;--awb-margin-top:100px;--awb-background-color:no;--awb-flex-wrap:wrap;\" ><div class=\"fusion-builder-row fusion-row\"><div class=\"fusion-layout-column fusion_builder_column fusion-builder-column-9 fusion_builder_column_1_1 1_1 fusion-one-full fusion-column-first fusion-column-last\" style=\"--awb-bg-size:cover;\"><div class=\"fusion-column-wrapper fusion-column-has-shadow fusion-flex-column-wrapper-legacy\"><div class=\"fusion-testimonials classic awb-speech-bubble-show fusion-testimonials-1\" style=\"--awb-textcolor:#747474;--awb-backgroundcolor:#f6f6f6;--awb-testimonial-border-style:solid;--awb-testimonial-border-color:var(--awb-color3);--awb-border-top-left-radius:0px;--awb-border-top-right-radius:0px;--awb-border-bottom-left-radius:0px;--awb-border-bottom-right-radius:0px;--testimonial-border-width-top:0px;--testimonial-border-width-right:0px;--testimonial-border-width-bottom:0px;--testimonial-border-width-left:0px;\" data-random=\"0\" data-speed=\"0\"><div class=\"reviews\"><div class=\"review active-testimonial male\"><blockquote><div class=\"awb-quote\"><div class=\"awb-quote-content\">\n<p>No havia participat mai en un curs de muntanya. Personalment m\u2019ha agradat molt aquest curs. Trobo que \u00e9s una experi\u00e8ncia molt profitosa que hauria de fer molta mes gent.<\/p>\n<\/div><\/div><span class=\"awb-triangle\"><\/span><\/blockquote><div class=\"author\"><span class=\"testimonial-thumbnail doe\"><\/span><span class=\"company-name\"><strong>Eul\u00e0lia T.<\/strong><span>, <\/span><span>Sabadell<\/span><\/span><\/div><\/div><div class=\"review male\"><blockquote><div class=\"awb-quote\"><div class=\"awb-quote-content\">\n<p>Ferran \u00e9s molt bon professional, ha sabut gestionar molt b\u00e9 les meves limitacions i possibilitats, i ha sabut ajudar-me sempre que les activitats estaven a el l\u00edmit del que podia fer. En el tracte hum\u00e0 \u00e9s una persona fant\u00e0stica. L&#8217;experi\u00e8ncia ha estat un \u00e8xit per a mi, ha superat fins i tot les meves expectatives pel que fa a reptes alpin\u00edstics i pel que fa a experi\u00e8ncia emocional.<\/p>\n<\/div><\/div><span class=\"awb-triangle\"><\/span><\/blockquote><div class=\"author\"><span class=\"testimonial-thumbnail doe\"><\/span><span class=\"company-name\"><strong>Xavier M.<\/strong><span>, <\/span><a href=\"https:\/\/www.caranorte.com\/guia-de-montana\/subir-al-mont-blanc-con-guia\" target=\"_self\"><span>Ascensi\u00f3 al Mont Blanc<\/span><\/a><\/span><\/div><\/div><div class=\"review male\"><blockquote><div class=\"awb-quote\"><div class=\"awb-quote-content\">\n<p>Un cap de setmana fant\u00e0stic on, a part de rebre uns coneixements sobre l\u2019activitat, hem gaudit molt de la muntanya i de la companyia. El grup ha estat molt cohesionat i ens ha fet aprofitar cada moment de l\u2019experi\u00e8ncia. Amb moltes ganes de poder fer el segon nivell del curs.<\/p>\n<\/div><\/div><span class=\"awb-triangle\"><\/span><\/blockquote><div class=\"author\"><span class=\"testimonial-thumbnail doe\"><\/span><span class=\"company-name\"><strong>Jordi C.<\/strong><span>, <\/span><a href=\"https:\/\/www.caranorte.com\/guia-de-montana\/curso-iniciacion-esqui-montana-n1\" target=\"_self\"><span>Curs d'esqu\u00ed de muntanya<\/span><\/a><\/span><\/div><\/div><div class=\"review male\"><blockquote><div class=\"awb-quote\"><div class=\"awb-quote-content\">\n<p>Una experi\u00e8ncia indescriptible i amb molt bona companyia. V\u00e0rem fer molt bon equip. El Ferran ha demostrat disposar d&#8217;una sobrada experi\u00e8ncia en el guiatge en l&#8217;ascensi\u00f3. Es mou amb facilitat en l&#8217;ambient alp\u00ed i coneix a la perfecci\u00f3 la zona. Va controlar totes les variables i ens va preparar per poder assolir l&#8217;objectiu. Excel\u00b7lent en tots els sentits.<\/p>\n<\/div><\/div><span class=\"awb-triangle\"><\/span><\/blockquote><div class=\"author\"><span class=\"testimonial-thumbnail doe\"><\/span><span class=\"company-name\"><strong>Xavier M.<\/strong><span>, <\/span><a href=\"https:\/\/www.caranorte.com\/guia-de-montana\/subir-al-mont-blanc-con-guia\/#reviews\" target=\"_self\"><span>Ascensi\u00f3 al Mont Blanc<\/span><\/a><\/span><\/div><\/div><div class=\"review male\"><blockquote><div class=\"awb-quote\"><div class=\"awb-quote-content\">\n<p>Immillorable. Una persona propera, que d\u00f3na confian\u00e7a, i un professional fora de s\u00e8rie.<\/p>\n<\/div><\/div><span class=\"awb-triangle\"><\/span><\/blockquote><div class=\"author\"><span class=\"testimonial-thumbnail doe\"><\/span><span class=\"company-name\"><strong>Dani L.<\/strong><span>, <\/span><a href=\"https:\/\/www.caranorte.com\/guia-de-montana\/cresta-de-besiberris-con-guia\/\" target=\"_self\"><span>Cresta de Besiberris<\/span><\/a><\/span><\/div><\/div><\/div><div class=\"testimonial-pagination\" id=\"fusion-testimonials-1\"><a href=\"#\" aria-label=\"Testimonial Pagination\"  class=\"activeSlide\"><\/a><a href=\"#\" aria-label=\"Testimonial Pagination\" ><\/a><a href=\"#\" aria-label=\"Testimonial Pagination\" ><\/a><a href=\"#\" aria-label=\"Testimonial Pagination\" ><\/a><a href=\"#\" aria-label=\"Testimonial Pagination\" ><\/a><\/div><\/div><div class=\"fusion-clearfix\"><\/div><\/div><\/div><\/div><\/div><div class=\"fusion-fullwidth fullwidth-box fusion-builder-row-9 hundred-percent-fullwidth non-hundred-percent-height-scrolling\" style=\"--awb-border-radius-top-left:0px;--awb-border-radius-top-right:0px;--awb-border-radius-bottom-right:0px;--awb-border-radius-bottom-left:0px;--awb-overflow:visible;--awb-padding-right:20px;--awb-padding-left:20px;--awb-flex-wrap:wrap;\" ><div class=\"fusion-builder-row fusion-row\"><div class=\"fusion-layout-column fusion_builder_column fusion-builder-column-10 fusion_builder_column_1_1 1_1 fusion-one-full fusion-column-first fusion-column-last fusion-column-no-min-height\" style=\"--awb-bg-size:cover;--awb-margin-bottom:0px;\"><div class=\"fusion-column-wrapper fusion-flex-column-wrapper-legacy\"><div class=\"fusion-text fusion-text-3\"><p>&#8212;<\/p>\n<\/div><div class=\"fusion-clearfix\"><\/div><\/div><\/div><\/div><\/div><\/p>\n","protected":false},"excerpt":{"rendered":"","protected":false},"author":1,"featured_media":0,"parent":0,"menu_order":0,"comment_status":"open","ping_status":"open","template":"100-width.php","meta":{"footnotes":""},"class_list":["post-5","page","type-page","status-publish","hentry"],"_links":{"self":[{"href":"https:\/\/www.caranorte.com\/ca\/wp-json\/wp\/v2\/pages\/5","targetHints":{"allow":["GET"]}}],"collection":[{"href":"https:\/\/www.caranorte.com\/ca\/wp-json\/wp\/v2\/pages"}],"about":[{"href":"https:\/\/www.caranorte.com\/ca\/wp-json\/wp\/v2\/types\/page"}],"author":[{"embeddable":true,"href":"https:\/\/www.caranorte.com\/ca\/wp-json\/wp\/v2\/users\/1"}],"replies":[{"embeddable":true,"href":"https:\/\/www.caranorte.com\/ca\/wp-json\/wp\/v2\/comments?post=5"}],"version-history":[{"count":10,"href":"https:\/\/www.caranorte.com\/ca\/wp-json\/wp\/v2\/pages\/5\/revisions"}],"predecessor-version":[{"id":1422,"href":"https:\/\/www.caranorte.com\/ca\/wp-json\/wp\/v2\/pages\/5\/revisions\/1422"}],"wp:attachment":[{"href":"https:\/\/www.caranorte.com\/ca\/wp-json\/wp\/v2\/media?parent=5"}],"curies":[{"name":"wp","href":"https:\/\/api.w.org\/{rel}","templated":true}]}}