{"id":764,"date":"2017-01-08T20:42:12","date_gmt":"2017-01-08T20:42:12","guid":{"rendered":"http:\/\/www.caranorte.com\/ca\/?page_id=764"},"modified":"2017-07-12T07:57:11","modified_gmt":"2017-07-12T07:57:11","slug":"el-millor-guia-de-muntanya","status":"publish","type":"page","link":"https:\/\/www.caranorte.com\/ca\/el-millor-guia-de-muntanya\/","title":{"rendered":"El millor guia de muntanya"},"content":{"rendered":"<div class=\"fusion-fullwidth fullwidth-box fusion-builder-row-1 nonhundred-percent-fullwidth non-hundred-percent-height-scrolling\" style=\"--awb-background-position:left top;--awb-border-radius-top-left:0px;--awb-border-radius-top-right:0px;--awb-border-radius-bottom-right:0px;--awb-border-radius-bottom-left:0px;--awb-padding-top:20px;--awb-padding-bottom:20px;--awb-border-sizes-top:0px;--awb-border-sizes-bottom:0px;--awb-flex-wrap:wrap;\" ><div class=\"fusion-builder-row fusion-row\"><div class=\"fusion-layout-column fusion_builder_column fusion-builder-column-0 fusion_builder_column_1_1 1_1 fusion-one-full fusion-column-first fusion-column-last fusion-column-no-min-height\" style=\"--awb-bg-size:cover;--awb-margin-bottom:0px;\"><div class=\"fusion-column-wrapper fusion-flex-column-wrapper-legacy\"><div class=\"fusion-text fusion-text-1\"><h1 style=\"text-align: center;\"><strong>Com trobar el millor guia de muntanya<\/strong><\/h1>\n<h2 style=\"text-align: center;\"><span style=\"color: #999999;\">&#8220;Qualitat significa fer les coses b\u00e9 fins i tot quan ning\u00fa t&#8217;est\u00e0 mirant&#8221; Henry Ford<br \/>\n<\/span><\/h2>\n<\/div><div class=\"fusion-text fusion-text-2\"><p><img decoding=\"async\" class=\"aligncenter wp-image-256 size-full\" title=\"El millor guia de muntanya\" src=\"http:\/\/www.caranorte.com\/ca\/wp-content\/uploads\/2015\/12\/Ferran-Martinez-Escamez-Car.jpg\" alt=\"El millor guia de muntanya\" width=\"300\" height=\"201\" srcset=\"https:\/\/www.caranorte.com\/ca\/wp-content\/uploads\/2015\/12\/Ferran-Martinez-Escamez-Car-120x80.jpg 120w, https:\/\/www.caranorte.com\/ca\/wp-content\/uploads\/2015\/12\/Ferran-Martinez-Escamez-Car.jpg 300w\" sizes=\"(max-width: 300px) 100vw, 300px\" \/><br \/>\n<span style=\"text-align: left;\"><span style=\"color: #999999;\">Article escrit por Ferran Mart\u00ednez Esc\u00e1mez | guia d&#8217;alta muntanya UIAGM<\/span><\/span><\/p>\n<p style=\"text-align: left;\"><strong>Descobreix les claus m\u00e9s importants per trobar el el guia de muntanya ideal per a l&#8217;activitat que vols fer.<\/strong><\/p>\n<p style=\"text-align: left;\">Aconseguir donar amb el millor guia de muntanya per a tu no \u00e9s una tasca gens f\u00e0cil. Si a m\u00e9s afegim que hi ha un gran desconeixement sobre el m\u00f3n del guiatge la cerca pot acabar en la pitjor elecci\u00f3. Les empreses ho saben i moltes ho aprofiten per fer trampes i fer negoci. Aix\u00ed aconsegueixen oferir gat per llebre al client que no t\u00e9 ni la m\u00e9s remota idea del que li estan oferint. Un engany que pot comportar conseq\u00fc\u00e8ncies greus.<\/p>\n<p style=\"text-align: left;\">\u00c9s per aix\u00f2 necessari aclarir com funciona el m\u00f3n dels guies de muntanya. Per poder <strong>triar el millor guia de muntanya<\/strong> \u00e9s b\u00e0sic estar informat. El guia no nom\u00e9s ha de ser agradable i atent sin\u00f3 que ha de comptar amb la preparaci\u00f3, titulaci\u00f3 i compet\u00e8ncies necess\u00e0ries per exercir la seva feina amb les m\u00e0ximes garanties.<\/p>\n<p>S\u00f3c dels que pensa que el millor guia de muntanya \u00e9s aquell al que li apassiona treballar b\u00e9 encara que ning\u00fa l\u2019estigui mirant. Crec que el millor guia de muntanya \u00e9s el professional que sap adaptar-se a l&#8217;entorn i les circumst\u00e0ncies. Un professional que busca l&#8217;excel\u00b7l\u00e8ncia i que compta amb l&#8217;experi\u00e8ncia, coneixements i compet\u00e8ncies necess\u00e0ries perqu\u00e8 l&#8217;activitat sigui el m\u00e9s segura i gratificant possible.<\/p>\n<h2 style=\"text-align: left;\"><strong>Sabem qu\u00e8 \u00e9s un guia de muntanya?<\/strong><\/h2>\n<p style=\"text-align: left;\">Podem definir a un guia de muntanya com el professional que treballa guiant persones o grups a la muntanya. Precisament aqu\u00ed comen\u00e7a l&#8217;embolic perqu\u00e8 a la muntanya podem anar caminant, escalant o fins i tot rapelant i amb neopr\u00e8 en el descens d&#8217;un barranc. Avui dia que una empresa expliqui que les seves activitats estan dirigides per un guia expert no \u00e9s garantia de res. \u00c9s per aix\u00f2 molt important con\u00e8ixer com funcionen les categories professionals i no professionals que podem trobar en el m\u00f3n de la muntanya.<\/p>\n<p style=\"text-align: left;\">Anem a descriure les diferents categories existents al mercat<\/p>\n<ul>\n<li style=\"text-align: left;\">\n<h3><strong>Monitor d&#8217;excursionisme, instructor d&#8217;excursionisme, escalada, barrancs, alpinisme i esqu\u00ed de muntanya (categor\u00edes no professionals). <\/strong><\/h3>\n<p><span lang=\"ca-ES\">Algunes federacions posseeixen els seus propis \u00f2rgans docents on formen a esportistes amateurs perqu\u00e8 ensenyin <strong>en l&#8217;\u00e0mbit de les seves clubs de forma volunt\u00e0ria i sense \u00e0nim de lucre<\/strong>. L&#8217;<a href=\"https:\/\/www.feec.cat\/formacio\/ecam\/\" target=\"_blank\" rel=\"noopener\">Escola Catalana d&#8217;Alta Muntanya<\/a> de la <a href=\"https:\/\/www.feec.cat\/\" target=\"_blank\" rel=\"noopener\">Federaci\u00f3 d&#8217;Entitats Excursionsites de Catalunya<\/a> \u00e9s un exemple. Oficialment (federativament parlant) se&#8217;ls distinguie com a monitors o instructors de la corresponent especialitat.<\/span><\/li>\n<li style=\"text-align: left;\">\n<h3><strong>T\u00e8cnics esportius de muntanya.<br \/>\n<\/strong><\/h3>\n<p>S\u00f3n els professionals els estudis els han preparat per exercir la feina de guia en el seu corresponent especialitat. Aix\u00ed tenim que dins dels estudis de T\u00e8cnic Esportiu de Muntanya hi ha titulacions que corresponen a cada especialitat:<\/p>\n<ul>\n<li>\n<h4><strong>T\u00e8cnic Esportiu Superior en Alta Muntanya (grau superior). <\/strong><\/h4>\n<p>\u00c9s el professional les compet\u00e8ncies li permeten treballar en tot tipus de terrenys exceptuant els barrancs: des de la Pugeu en roca, a la neu i els itineraris d&#8217;esqu\u00ed de muntanya o l&#8217;escalada en gel.<strong> \u00c9s el guia d&#8217;alta muntanya<\/strong>.<strong><br \/>\n<\/strong><\/li>\n<li>\n<h4><strong>T\u00e8cnic Esportiu d&#8217;Alta Muntanya (grau mitj\u00e0). <\/strong><\/h4>\n<p>\u00c9s un professional amb unes compet\u00e8ncies similars a l&#8217;anterior titulaci\u00f3 per\u00f2 amb limitacions en l&#8217;\u00e0mbit geogr\u00e0fic, de dificultat i altura principalment. Per exemple no poden treballar a Fran\u00e7a, ni realitzar escalada en roca per sobre del V + \/ A1, ni vies catalogades per sobre del grau alp\u00ed global &#8220;Dif\u00edcil&#8221; com seria el cas del Mont Blanc. Podr\u00edem dir que \u00e9s la titulaci\u00f3 que equivaldria a l&#8217;<strong>aspirant a guia d&#8217;alta muntanya<\/strong> franc\u00e8s, itali\u00e0, alemany o su\u00eds nom\u00e9s que als pa\u00efsos de l&#8217;arc alp\u00ed no \u00e9s una titulaci\u00f3 en si mateixa.<\/li>\n<li>\n<h4>T\u00e8cnic esportiu en mitja muntanya (grau mitj\u00e0).<\/h4>\n<p>\u00c9s la persona competent en guiar caminant o amb raquetes de neu a persones o grups per terrenys de mitja muntanya. L&#8217;hi coneix com el<strong> guia acompanyant de muntanya<\/strong> o<strong> guia de mitja muntanya.<\/strong><\/li>\n<li>\n<h4><strong>T\u00e8cnic Esportiu en Barrancs (grau mitj\u00e0).<\/strong><\/h4>\n<p>\u00c9s la persona amb les habilitats professionals per guiar persones o grups per barrancs secs o amb aigua. L&#8217;hi coneix com el<strong> guia de barrancs.<\/strong><\/li>\n<li>\n<h4><strong>T\u00e8cnic esportiu superior en Esqu\u00ed de Muntanya (grau superior).<\/strong><\/h4>\n<p>\u00c9s l&#8217;expert les compet\u00e8ncies li permeten ensenyar, entrenar, dirigir i tecnificar esportistes i equips d&#8217;esqu\u00ed de muntanya cap a l&#8217;alt rendiment.<\/li>\n<li>\n<h4><strong>TD Superior en escalada (grau superior). <\/strong><\/h4>\n<p>\u00c9s el professional al qual corresponen les compet\u00e8ncies de guiar, ensenyar, entrenar, dirigir i tecnificar esportistes i equips en l&#8217;escalada des dels nivells inicials a l&#8217;alt rendiment.<\/li>\n<li>\n<h4><strong>TD en escalada (grau mitj\u00e0).<\/strong><\/h4>\n<p>\u00c9s la persona professionalment amb unes habilitats i compet\u00e8ncies similars a l&#8217;anterior titulaci\u00f3 per\u00f2 amb limitacions. Per exemple com a m\u00e0xim poden trabaajar en itineraris de dificultat 7a com a m\u00e0xim en vies llargues equipades o de 6b \/ A2 si s\u00f3n vies llargues desequipadas.<\/li>\n<\/ul>\n<\/li>\n<li>\n<h3><strong>Reconeixements internacionals:<\/strong><\/h3>\n<ul>\n<li>\n<h4><strong>Guia d&#8217;alta muntanya UIAGM.<\/strong><\/h4>\n<p>\u00c9s el reconeixement internacional dels guies d&#8217;alta muntanya.<\/li>\n<li>\n<h4><strong>Guia acompanyant de mitja muntanya UIMLA. <\/strong><\/h4>\n<p>\u00c9s el reconeixement internacional dels guies de mitja muntanya.<\/li>\n<\/ul>\n<\/li>\n<\/ul>\n<p>&nbsp;<\/p>\n<p>Perqu\u00e8 quedi una mica m\u00e9s clar un quadre resum:<\/p>\n<p>&nbsp;<\/p>\n<div align=\"center\">\n<table width=\"95%\" cellspacing=\"0\" cellpadding=\"4\">\n<colgroup>\n<col width=\"64*\" \/>\n<col width=\"64*\" \/>\n<col width=\"64*\" \/>\n<col width=\"64*\" \/> <\/colgroup>\n<tbody>\n<tr valign=\"top\" bgcolor=\"#CCFF00\">\n<td width=\"25%\">\n<p align=\"center\"><b>Professional<\/b><\/p>\n<\/td>\n<td width=\"25%\">\n<p align=\"center\"><b>\u00c0mbit de treball<\/b><\/p>\n<\/td>\n<td width=\"25%\">\n<p align=\"center\"><b>Limitacions<\/b><\/p>\n<\/td>\n<td width=\"25%\">\n<p align=\"center\"><b>Reconeixement<\/b><\/p>\n<\/td>\n<\/tr>\n<tr>\n<td bgcolor=\"#e6e6e6\" width=\"25%\">\n<p align=\"center\"><strong>Guia d&#8217;alta muntanya UIAGM<\/strong><\/p>\n<\/td>\n<td style=\"text-align: center;\" bgcolor=\"#e6e6e6\" width=\"25%\">Alpinisme tant a peu, com amb grampons, cordes o esqu\u00eds de muntanya. Roca, neu o gel.<\/td>\n<td bgcolor=\"#e6e6e6\" width=\"25%\">\n<p align=\"center\">Sense limitacions en el seu camp de treball.<\/p>\n<\/td>\n<td bgcolor=\"#e6e6e6\" width=\"25%\">\n<p align=\"center\">Internacional<\/p>\n<\/td>\n<\/tr>\n<tr>\n<td bgcolor=\"#cccccc\" width=\"25%\">\n<p align=\"center\"><strong>T\u00e9cnico Deportivo Superior de Alta Monta\u00f1a<\/strong><\/p>\n<\/td>\n<td bgcolor=\"#cccccc\" width=\"25%\">\n<p align=\"center\">\u00cddem.<\/p>\n<\/td>\n<td bgcolor=\"#cccccc\" width=\"25%\">\n<p align=\"center\">Sense limitacions en el seu camp de treball.<\/p>\n<\/td>\n<td bgcolor=\"#cccccc\" width=\"25%\">\n<p align=\"center\">Espanya<\/p>\n<\/td>\n<\/tr>\n<tr>\n<td bgcolor=\"#e6e6e6\" width=\"25%\">\n<p align=\"center\"><strong>T\u00e8cnic Esportiu d&#8217;Alta Muntanya<\/strong><\/p>\n<\/td>\n<td bgcolor=\"#e6e6e6\" width=\"25%\">\n<p align=\"center\">\u00cddem.<\/p>\n<\/td>\n<td style=\"text-align: center;\" bgcolor=\"#e6e6e6\" width=\"25%\">\n<p align=\"center\">Amb limitacions en el seu camp de treball.<\/p>\n<\/td>\n<td bgcolor=\"#e6e6e6\" width=\"25%\">\n<p align=\"center\">Espanya<\/p>\n<\/td>\n<\/tr>\n<tr>\n<td bgcolor=\"#cccccc\" width=\"25%\">\n<p align=\"center\"><strong>Guia acompanyant<br \/>\n<\/strong><\/p>\n<\/td>\n<td bgcolor=\"#cccccc\" width=\"25%\">\n<p align=\"center\">Senderisme i raquetes de neu en terrenys nevats de tipus n\u00f2rdic que no necessitin ni grampons, ni piolet, ni corda.<\/p>\n<\/td>\n<td bgcolor=\"#cccccc\" width=\"25%\">\n<p align=\"center\">Sense limitacions en el seu camp de treball.<\/p>\n<\/td>\n<td bgcolor=\"#cccccc\" width=\"25%\">\n<p align=\"center\">Internacional<\/p>\n<\/td>\n<\/tr>\n<tr>\n<td bgcolor=\"#e6e6e6\" width=\"25%\">\n<p align=\"center\"><strong>T\u00e8cnic Esportiu de Mitjana Muntanya<\/strong><\/p>\n<\/td>\n<td bgcolor=\"#e6e6e6\" width=\"25%\">\n<p align=\"center\">Idem.<\/p>\n<\/td>\n<td style=\"text-align: center;\" bgcolor=\"#e6e6e6\" width=\"25%\">\n<p align=\"center\">Sense limitacions en el seu camp de treball.<\/p>\n<\/td>\n<td bgcolor=\"#e6e6e6\" width=\"25%\">\n<p align=\"center\">Espanya<\/p>\n<\/td>\n<\/tr>\n<\/tbody>\n<\/table>\n<\/div>\n<p>&nbsp;<\/p>\n<h2 style=\"text-align: left;\">Com saber si un guia de muntanya posseeix la titulaci\u00f3 adequada?<\/h2>\n<p>Avui en dia moltes empreses ofereixen serveis dirigits per guies falsos o les compet\u00e8ncies no li corresponen, sense els coneixements t\u00e8cnics per oferir les m\u00e0ximes garanties de seguretat, sense la titulaci\u00f3 necess\u00e0ria per poder oferir una asseguran\u00e7a que cobreixi un eventual accident. \u00c9s per aix\u00f2 de vital import\u00e0ncia con\u00e8ixer quines s\u00f3n les titulacions existents i les seves corresponents compet\u00e8ncies.<\/p>\n<p>En segon lloc disposem de la web de la <a href=\"http:\/\/www.aegm.org\/index.php?option=com_content&amp;view=article&amp;id=84&amp;Itemid=580\" target=\"_blank\" rel=\"noopener\">Asociaci\u00f3n Espa\u00f1ola de Gu\u00edas de Alta Monta\u00f1a<\/a> (AEGM) \u00a0on podrem trobar una eina molt \u00fatil per buscar i comprovar si un guia est\u00e0 associat i quina titulaci\u00f3 t\u00e9. Tot i que no \u00e9s obligatori estar associat a la AEGM per exercir de guia, \u00e9s important tenir en compte que la gran majoria de professionals estem associats pels avantatges que aix\u00f2 suposa. Si no \u00e9s aix\u00ed ia m\u00e9s l&#8217;empresa no informa clarament la categoria professional del guia (t\u00e8cnic esportiu en l&#8217;especialitat corresponent \/ UIAGM \/ UIMLA) l&#8217;assumpte comen\u00e7a a fer olor bastant malament.<\/p>\n<p>En tercer lloc en les comunitats pioneres en els esports de muntanya des de fa uns anys han iniciat una campanya de regulaci\u00f3 en el que tota empresa legal ha d&#8217;estar donada d&#8217;alta en un registre de empreseas aix\u00ed com els seus professionals en un registre per a professionals. Aquestes dades s\u00f3n facilitades per les empreses.<\/p>\n<h2 style=\"text-align: left;\">Quines conseq\u00fc\u00e8ncies pot comportar contractar un guia sense les compet\u00e8ncies adequades?<\/h2>\n<ul>\n<li>Si contractem una activitat dirigida per un guia que no posseeix la titulaci\u00f3 adequada per a exercir una determinada activitat l&#8217;asseguradora est\u00e0 en tot el seu dret per no cobrir cap despesa derivada d&#8217;un eventual accident.<\/li>\n<li>Un guia professional amb la titulaci\u00f3 adequada segueix una preparaci\u00f3 per a exercir l&#8217;activitat amb les m\u00e0ximes garanties de seguretat. \u00c9s habitual i normal que un guia sense les compet\u00e8ncies adequades cometi errors t\u00e8cnics i de seguretat que poden ser greus. Podeu <a href=\"http:\/\/www.elmundo.es\/elmundo\/2013\/09\/17\/espana\/1379437368.html\" target=\"_blank\" rel=\"noopener\">veure una not\u00edcia sobre el tema<\/a>.<\/li>\n<li>Sol coincidir que els guies i les empreses que fan trampes amb les titulacions solen fer trampes amb la seguretat social, amb hisenda i amb les assegurances. Aquest \u00e9s el secret de la immensa majoria dels preus &#8220;rebentats&#8221; que trobem al mercat.<\/li>\n<li>Si contractem els serveis d&#8217;una empresa que compta amb guies sense les compet\u00e8ncies adequades estarem afavorint la devaluaci\u00f3 de la professi\u00f3. Estarem incentivant la compet\u00e8ncia deslleial i al final de tot estarem fomentant que el servei sigui cada vegada pitjor.<\/li>\n<\/ul>\n<h2 style=\"text-align: left;\">El millor guia de muntanya<\/h2>\n<p style=\"text-align: left;\">Ja sabem que <strong>el millor guia de muntanya<\/strong> per a cada activitat com a m\u00ednim ha de tenir la titulaci\u00f3 adequada que ens asseguri que el professional ha rebut una preparaci\u00f3 espec\u00edfica. Si segueixes les claus resumides en aquest article tindr\u00e0s molt m\u00e9s f\u00e0cil poder trobar i escollir <strong>el millor guia de muntanya<\/strong> per a la seg\u00fcent activitat que vulguis fer.<\/p>\n<p>Podr\u00e0s trobar-me en les xarxes socials d&#8217;<a href=\"http:\/\/www.instagram.com\/cara.norte\" target=\"_blank\" rel=\"noopener\">Instagram<\/a>, <a href=\"http:\/\/www.facebook.com\/caranorte\" target=\"_blank\" rel=\"noopener\">Facebook<\/a> i <a href=\"http:\/\/www.twitter.com\/caranorte\" target=\"_blank\" rel=\"noopener\">Twitter<\/a>, aix\u00ed com professionalment a\u00a0 <a href=\"https:\/\/es.linkedin.com\/in\/caranorte\" target=\"_blank\" rel=\"noopener\">Linkedin<\/a>.<\/p>\n<p style=\"text-align: left;\">\n<\/div><div class=\"fusion-clearfix\"><\/div><\/div><\/div><\/div><\/div>\n","protected":false},"excerpt":{"rendered":"","protected":false},"author":1,"featured_media":0,"parent":0,"menu_order":0,"comment_status":"closed","ping_status":"closed","template":"100-width.php","meta":{"footnotes":""},"class_list":["post-764","page","type-page","status-publish","hentry"],"_links":{"self":[{"href":"https:\/\/www.caranorte.com\/ca\/wp-json\/wp\/v2\/pages\/764","targetHints":{"allow":["GET"]}}],"collection":[{"href":"https:\/\/www.caranorte.com\/ca\/wp-json\/wp\/v2\/pages"}],"about":[{"href":"https:\/\/www.caranorte.com\/ca\/wp-json\/wp\/v2\/types\/page"}],"author":[{"embeddable":true,"href":"https:\/\/www.caranorte.com\/ca\/wp-json\/wp\/v2\/users\/1"}],"replies":[{"embeddable":true,"href":"https:\/\/www.caranorte.com\/ca\/wp-json\/wp\/v2\/comments?post=764"}],"version-history":[{"count":6,"href":"https:\/\/www.caranorte.com\/ca\/wp-json\/wp\/v2\/pages\/764\/revisions"}],"predecessor-version":[{"id":896,"href":"https:\/\/www.caranorte.com\/ca\/wp-json\/wp\/v2\/pages\/764\/revisions\/896"}],"wp:attachment":[{"href":"https:\/\/www.caranorte.com\/ca\/wp-json\/wp\/v2\/media?parent=764"}],"curies":[{"name":"wp","href":"https:\/\/api.w.org\/{rel}","templated":true}]}}